{"id":8583,"date":"2022-12-20T12:38:56","date_gmt":"2022-12-20T11:38:56","guid":{"rendered":"https:\/\/www.arber.de\/aktuell\/news\/"},"modified":"2023-08-26T12:39:53","modified_gmt":"2023-08-26T10:39:53","slug":"news","status":"publish","type":"page","link":"https:\/\/www.arber.de\/cs\/aktuell\/news\/","title":{"rendered":"Zpr\u00e1vy"},"content":{"rendered":"\t\t<div data-elementor-type=\"wp-page\" data-elementor-id=\"8583\" class=\"elementor elementor-8583 elementor-4636\" data-elementor-post-type=\"page\">\n\t\t\t\t<div class=\"elementor-element elementor-element-6367740d e-flex e-con-boxed e-con e-parent\" data-id=\"6367740d\" data-element_type=\"container\" data-settings=\"{&quot;background_background&quot;:&quot;classic&quot;,&quot;shape_divider_bottom&quot;:&quot;pyramids&quot;,&quot;shape_divider_bottom_negative&quot;:&quot;yes&quot;}\">\n\t\t\t\t\t<div class=\"e-con-inner\">\n\t\t\t\t<div class=\"elementor-shape elementor-shape-bottom\" aria-hidden=\"true\" data-negative=\"true\">\n\t\t\t<svg xmlns=\"http:\/\/www.w3.org\/2000\/svg\" viewBox=\"0 0 1000 100\" preserveAspectRatio=\"none\">\n\t<path class=\"elementor-shape-fill\" d=\"M761.9,40.6L643.1,24L333.9,93.8L0.1,1H0v99h1000V1\"\/>\n<\/svg>\t\t<\/div>\n\t\t\t\t\t<\/div>\n\t\t\t\t<\/div>\n\t\t<div class=\"elementor-element elementor-element-3a92886 e-flex e-con-boxed e-con e-parent\" data-id=\"3a92886\" data-element_type=\"container\">\n\t\t\t\t\t<div class=\"e-con-inner\">\n\t\t\t\t<div class=\"elementor-element elementor-element-e798475 elementor-widget elementor-widget-heading\" data-id=\"e798475\" data-element_type=\"widget\" data-widget_type=\"heading.default\">\n\t\t\t\t<div class=\"elementor-widget-container\">\n\t\t\t\t\t<h1 class=\"elementor-heading-title elementor-size-default\">Novinky o Gro\u00dfer Arber!<\/h1>\t\t\t\t<\/div>\n\t\t\t\t<\/div>\n\t\t\t\t<div class=\"elementor-element elementor-element-353a131 elementor-widget elementor-widget-global elementor-global-8589 elementor-global-4642 elementor-widget-jet-blog-text-ticker\" data-id=\"353a131\" data-element_type=\"widget\" data-widget_type=\"jet-blog-text-ticker.default\">\n\t\t\t\t<div class=\"elementor-widget-container\">\n\t\t\t\t\t<div class=\"elementor-jet-blog-text-ticker jet-blog\"><div class=\"jet-text-ticker\">\n\t\t\t<div class=\"jet-text-ticker__posts-wrap\">\n\t\t<div class=\"jet-text-ticker__posts\" data-slider-atts='{\"slidesToShow\":1,\"slidesToScroll\":1,\"fade\":true,\"arrows\":true,\"prevArrow\":\"<i class=\\\"jet-arrow-prev jet-blog-arrow\\\"><svg width=\\\"24\\\" height=\\\"24\\\" viewBox=\\\"0 0 24 24\\\" fill=\\\"none\\\" xmlns=\\\"http:\\\/\\\/www.w3.org\\\/2000\\\/svg\\\"><path d=\\\"M12 3.7249L13.675 5.4249L8.25 10.8249L20.275 10.8249L20.275 13.1749L8.24999 13.1749L13.675 18.5999L12 20.2749L3.725 11.9999L12 3.7249Z\\\" fill=\\\"#0F172A\\\"\\\/><\\\/svg><\\\/i>\",\"nextArrow\":\"<i class=\\\"jet-arrow-next jet-blog-arrow\\\"><svg width=\\\"24\\\" height=\\\"24\\\" viewBox=\\\"0 0 24 24\\\" fill=\\\"none\\\" xmlns=\\\"http:\\\/\\\/www.w3.org\\\/2000\\\/svg\\\"><path d=\\\"M12 20.2751L10.325 18.5751L15.75 13.1751H3.72501V10.8251H15.75L10.325 5.4001L12 3.7251L20.275 12.0001L12 20.2751Z\\\" fill=\\\"#0F172A\\\"\\\/><\\\/svg><\\\/i>\",\"autoplay\":true,\"autoplaySpeed\":5000}' dir=\"ltr\" data-typing=\"1\">\t\t\t\t<div class=\"jet-text-ticker__item\">\n\t\t\t\t\t<div class=\"jet-text-ticker__item-content jet-use-typing jet-multiline-typing\">\n\t\t\t\t\t\t\t\t\t\t\t\t\t\t\t\t\t\t<div class=\"jet-text-ticker__post-date jet-blog-hidden-mobile\"><span class=\"jet-text-ticker__post-date-icon jet-blog-icon\"><svg aria-hidden=\"true\" class=\"e-font-icon-svg e-far-clock\" viewBox=\"0 0 512 512\" xmlns=\"http:\/\/www.w3.org\/2000\/svg\"><path d=\"M256 8C119 8 8 119 8 256s111 248 248 248 248-111 248-248S393 8 256 8zm0 448c-110.5 0-200-89.5-200-200S145.5 56 256 56s200 89.5 200 200-89.5 200-200 200zm61.8-104.4l-84.9-61.7c-3.1-2.3-4.9-5.9-4.9-9.7V116c0-6.6 5.4-12 12-12h32c6.6 0 12 5.4 12 12v141.7l66.8 48.6c5.4 3.9 6.5 11.4 2.6 16.8L334.6 349c-3.9 5.3-11.4 6.5-16.8 2.6z\"><\/path><\/svg><\/span> 03.12.2023<\/div>\t\t\t\t\t\t<div class=\"jet-text-ticker__item-typed-wrap\">\n\t\t\t\t\t\t\t<a href=\"https:\/\/www.arber.de\/cs\/sonnenhang-je-otevren-nepretrzite-od-04-12-2023\/\" class=\"jet-text-ticker__item-typed\"><span class=\"jet-text-ticker__item-typed-inner\" data-typing-text=\"Sonnenhang je otev\u0159en nep\u0159etr\u017eit\u011b od 04.12.2023!\">Sonnenhang je otev\u0159en nep\u0159etr\u017eit\u011b od 04.12.2023!<\/span><\/a>\t\t\t\t\t\t<\/div>\n\t\t\t\t\t<\/div>\n\t\t\t\t<\/div>\n\t\t\t\t<\/div>\n\t<\/div>\n<\/div><\/div>\t\t\t\t<\/div>\n\t\t\t\t<\/div>\n\t\t\t\t\t<\/div>\n\t\t\t\t<\/div>\n\t\t<div class=\"elementor-element elementor-element-8432c38 e-flex e-con-boxed e-con e-parent\" data-id=\"8432c38\" data-element_type=\"container\">\n\t\t\t\t\t<div class=\"e-con-inner\">\n\t\t\t\t<div class=\"elementor-element elementor-element-2295004 elementor-grid-3 elementor-grid-tablet-2 elementor-grid-mobile-1 elementor-posts--thumbnail-top elementor-card-shadow-yes elementor-posts__hover-gradient load-more-align-center elementor-widget elementor-widget-posts\" data-id=\"2295004\" data-element_type=\"widget\" data-settings=\"{&quot;cards_masonry&quot;:&quot;yes&quot;,&quot;cards_row_gap&quot;:{&quot;unit&quot;:&quot;px&quot;,&quot;size&quot;:20,&quot;sizes&quot;:[]},&quot;pagination_type&quot;:&quot;load_more_on_click&quot;,&quot;cards_columns&quot;:&quot;3&quot;,&quot;cards_columns_tablet&quot;:&quot;2&quot;,&quot;cards_columns_mobile&quot;:&quot;1&quot;,&quot;cards_row_gap_tablet&quot;:{&quot;unit&quot;:&quot;px&quot;,&quot;size&quot;:&quot;&quot;,&quot;sizes&quot;:[]},&quot;cards_row_gap_mobile&quot;:{&quot;unit&quot;:&quot;px&quot;,&quot;size&quot;:&quot;&quot;,&quot;sizes&quot;:[]},&quot;load_more_spinner&quot;:{&quot;value&quot;:&quot;fas fa-spinner&quot;,&quot;library&quot;:&quot;fa-solid&quot;}}\" data-widget_type=\"posts.cards\">\n\t\t\t\t<div class=\"elementor-widget-container\">\n\t\t\t\t\t\t\t<div class=\"elementor-posts-container elementor-posts elementor-posts--skin-cards elementor-grid\" role=\"list\">\n\t\t\t\t<article class=\"elementor-post elementor-grid-item post-10785 post type-post status-publish format-standard has-post-thumbnail hentry category-neuigkeiten-cs category-ticker-cs\" role=\"listitem\">\n\t\t\t<div class=\"elementor-post__card\">\n\t\t\t\t<a class=\"elementor-post__thumbnail__link\" href=\"https:\/\/www.arber.de\/cs\/sonnenhang-je-otevren-nepretrzite-od-04-12-2023\/\" tabindex=\"-1\"><div class=\"elementor-post__thumbnail\"><img fetchpriority=\"high\" decoding=\"async\" width=\"300\" height=\"300\" src=\"https:\/\/www.arber.de\/wp-content\/uploads\/Was-hat-geoeffnet-_-ab-montag-300x300.png\" class=\"attachment-medium size-medium wp-image-10781\" alt=\"\" srcset=\"https:\/\/www.arber.de\/wp-content\/uploads\/Was-hat-geoeffnet-_-ab-montag-300x300.png 300w, https:\/\/www.arber.de\/wp-content\/uploads\/Was-hat-geoeffnet-_-ab-montag-1024x1024.png 1024w, https:\/\/www.arber.de\/wp-content\/uploads\/Was-hat-geoeffnet-_-ab-montag-150x150.png 150w, https:\/\/www.arber.de\/wp-content\/uploads\/Was-hat-geoeffnet-_-ab-montag-768x768.png 768w, https:\/\/www.arber.de\/wp-content\/uploads\/Was-hat-geoeffnet-_-ab-montag.png 1080w\" sizes=\"(max-width: 300px) 100vw, 300px\" \/><\/div><\/a>\n\t\t\t\t<div class=\"elementor-post__text\">\n\t\t\t\t<h2 class=\"elementor-post__title\">\n\t\t\t<a href=\"https:\/\/www.arber.de\/cs\/sonnenhang-je-otevren-nepretrzite-od-04-12-2023\/\">\n\t\t\t\tSonnenhang je otev\u0159en nep\u0159etr\u017eit\u011b od 04.12.2023!\t\t\t<\/a>\n\t\t<\/h2>\n\t\t\t\t<div class=\"elementor-post__excerpt\">\n\t\t\t<p>Pozor, mil\u00ed fanou\u0161ci ly\u017eov\u00e1n\u00ed! Proto\u017ee po tomto fantastick\u00e9m zimn\u00edm v\u00edkendu pokra\u010duje . Lanovka Sonnenhang z\u016fst\u00e1v\u00e1 v provozu a s pot\u011b\u0161en\u00edm v\u00e1m oznamujeme, \u017ee d\u00e1msk\u00e1 sjezdovka,<\/p>\n\t\t<\/div>\n\t\t\n\t\t<a class=\"elementor-post__read-more\" href=\"https:\/\/www.arber.de\/cs\/sonnenhang-je-otevren-nepretrzite-od-04-12-2023\/\" aria-label=\"Read more about Sonnenhang je otev\u0159en nep\u0159etr\u017eit\u011b od 04.12.2023!\" tabindex=\"-1\">\n\t\t\tPokra\u010dovat ve \u010dten\u00ed \"\t\t<\/a>\n\n\t\t\t\t<\/div>\n\t\t\t\t<div class=\"elementor-post__meta-data\">\n\t\t\t\t\t<span class=\"elementor-post-date\">\n\t\t\t3. prosince 2023\t\t<\/span>\n\t\t\t\t<\/div>\n\t\t\t\t\t<\/div>\n\t\t<\/article>\n\t\t\t\t<article class=\"elementor-post elementor-grid-item post-10538 post type-post status-publish format-standard has-post-thumbnail hentry category-neuigkeiten-cs\" role=\"listitem\">\n\t\t\t<div class=\"elementor-post__card\">\n\t\t\t\t<a class=\"elementor-post__thumbnail__link\" href=\"https:\/\/www.arber.de\/cs\/saisonkartenvorverkauf-2023\/\" tabindex=\"-1\"><div class=\"elementor-post__thumbnail\"><img decoding=\"async\" width=\"300\" height=\"251\" src=\"https:\/\/www.arber.de\/wp-content\/uploads\/Saisonkartenvorverkauf_Facebook_Beitrag-300x251.png\" class=\"attachment-medium size-medium wp-image-10455\" alt=\"\" srcset=\"https:\/\/www.arber.de\/wp-content\/uploads\/Saisonkartenvorverkauf_Facebook_Beitrag-300x251.png 300w, https:\/\/www.arber.de\/wp-content\/uploads\/Saisonkartenvorverkauf_Facebook_Beitrag-768x644.png 768w, https:\/\/www.arber.de\/wp-content\/uploads\/Saisonkartenvorverkauf_Facebook_Beitrag.png 940w\" sizes=\"(max-width: 300px) 100vw, 300px\" \/><\/div><\/a>\n\t\t\t\t<div class=\"elementor-post__text\">\n\t\t\t\t<h2 class=\"elementor-post__title\">\n\t\t\t<a href=\"https:\/\/www.arber.de\/cs\/saisonkartenvorverkauf-2023\/\">\n\t\t\t\tSaisonkartenvorverkauf 2023\t\t\t<\/a>\n\t\t<\/h2>\n\t\t\t\t<div class=\"elementor-post__excerpt\">\n\t\t\t<p>Der Winter steht vor der T\u00fcr und wir freuen uns, euch mitzuteilen, dass der Saisonkartenvorverkauf f\u00fcr die kommende Wintersaison am 27. November 2023 startet! Vom<\/p>\n\t\t<\/div>\n\t\t\n\t\t<a class=\"elementor-post__read-more\" href=\"https:\/\/www.arber.de\/cs\/saisonkartenvorverkauf-2023\/\" aria-label=\"Read more about Saisonkartenvorverkauf 2023\" tabindex=\"-1\">\n\t\t\tPokra\u010dovat ve \u010dten\u00ed \"\t\t<\/a>\n\n\t\t\t\t<\/div>\n\t\t\t\t<div class=\"elementor-post__meta-data\">\n\t\t\t\t\t<span class=\"elementor-post-date\">\n\t\t\t23. listopadu 2023\t\t<\/span>\n\t\t\t\t<\/div>\n\t\t\t\t\t<\/div>\n\t\t<\/article>\n\t\t\t\t<article class=\"elementor-post elementor-grid-item post-10530 post type-post status-publish format-standard has-post-thumbnail hentry category-neuigkeiten-cs\" role=\"listitem\">\n\t\t\t<div class=\"elementor-post__card\">\n\t\t\t\t<a class=\"elementor-post__thumbnail__link\" href=\"https:\/\/www.arber.de\/cs\/bistro-am-arberseehaus-im-november-geoeffnet\/\" tabindex=\"-1\"><div class=\"elementor-post__thumbnail\"><img decoding=\"async\" width=\"300\" height=\"200\" src=\"https:\/\/www.arber.de\/wp-content\/uploads\/mf-20180610-mf-20180610-_Q6A9434-300x200.jpg\" class=\"attachment-medium size-medium wp-image-7136\" alt=\"\" srcset=\"https:\/\/www.arber.de\/wp-content\/uploads\/mf-20180610-mf-20180610-_Q6A9434-300x200.jpg 300w, https:\/\/www.arber.de\/wp-content\/uploads\/mf-20180610-mf-20180610-_Q6A9434-1024x683.jpg 1024w, https:\/\/www.arber.de\/wp-content\/uploads\/mf-20180610-mf-20180610-_Q6A9434-768x512.jpg 768w, https:\/\/www.arber.de\/wp-content\/uploads\/mf-20180610-mf-20180610-_Q6A9434-1536x1024.jpg 1536w, https:\/\/www.arber.de\/wp-content\/uploads\/mf-20180610-mf-20180610-_Q6A9434.jpg 1935w\" sizes=\"(max-width: 300px) 100vw, 300px\" \/><\/div><\/a>\n\t\t\t\t<div class=\"elementor-post__text\">\n\t\t\t\t<h2 class=\"elementor-post__title\">\n\t\t\t<a href=\"https:\/\/www.arber.de\/cs\/bistro-am-arberseehaus-im-november-geoeffnet\/\">\n\t\t\t\tBistro am Arberseehaus im November ge\u00f6ffnet\t\t\t<\/a>\n\t\t<\/h2>\n\t\t\t\t<div class=\"elementor-post__excerpt\">\n\t\t\t<p>\ud83c\udf42 Genie\u00dft die herbstliche Atmosph\u00e4re am Arbersee im November! \ud83c\udf41 Das Bistro im Arberseehaus hat f\u00fcr euch ge\u00f6ffnet. \ud83d\udd59 \u00d6ffnungszeiten im November: T\u00e4glich von 10:00<\/p>\n\t\t<\/div>\n\t\t\n\t\t<a class=\"elementor-post__read-more\" href=\"https:\/\/www.arber.de\/cs\/bistro-am-arberseehaus-im-november-geoeffnet\/\" aria-label=\"Read more about Bistro am Arberseehaus im November ge\u00f6ffnet\" tabindex=\"-1\">\n\t\t\tPokra\u010dovat ve \u010dten\u00ed \"\t\t<\/a>\n\n\t\t\t\t<\/div>\n\t\t\t\t<div class=\"elementor-post__meta-data\">\n\t\t\t\t\t<span class=\"elementor-post-date\">\n\t\t\t8. listopadu 2023\t\t<\/span>\n\t\t\t\t<\/div>\n\t\t\t\t\t<\/div>\n\t\t<\/article>\n\t\t\t\t<article class=\"elementor-post elementor-grid-item post-10550 post type-post status-publish format-standard has-post-thumbnail hentry category-neuigkeiten-cs\" role=\"listitem\">\n\t\t\t<div class=\"elementor-post__card\">\n\t\t\t\t<a class=\"elementor-post__thumbnail__link\" href=\"https:\/\/www.arber.de\/cs\/oeffnungszeiten-im-november\/\" tabindex=\"-1\"><div class=\"elementor-post__thumbnail\"><img loading=\"lazy\" decoding=\"async\" width=\"212\" height=\"300\" src=\"https:\/\/www.arber.de\/wp-content\/uploads\/Oeffnungszeiten-November-212x300.jpg\" class=\"attachment-medium size-medium wp-image-10267\" alt=\"\" srcset=\"https:\/\/www.arber.de\/wp-content\/uploads\/Oeffnungszeiten-November-212x300.jpg 212w, https:\/\/www.arber.de\/wp-content\/uploads\/Oeffnungszeiten-November-723x1024.jpg 723w, https:\/\/www.arber.de\/wp-content\/uploads\/Oeffnungszeiten-November-768x1088.jpg 768w, https:\/\/www.arber.de\/wp-content\/uploads\/Oeffnungszeiten-November-1085x1536.jpg 1085w, https:\/\/www.arber.de\/wp-content\/uploads\/Oeffnungszeiten-November-1446x2048.jpg 1446w, https:\/\/www.arber.de\/wp-content\/uploads\/Oeffnungszeiten-November-scaled.jpg 1808w\" sizes=\"(max-width: 212px) 100vw, 212px\" \/><\/div><\/a>\n\t\t\t\t<div class=\"elementor-post__text\">\n\t\t\t\t<h2 class=\"elementor-post__title\">\n\t\t\t<a href=\"https:\/\/www.arber.de\/cs\/oeffnungszeiten-im-november\/\">\n\t\t\t\t\u00d6ffnungszeiten im November\t\t\t<\/a>\n\t\t<\/h2>\n\t\t\t\t<div class=\"elementor-post__excerpt\">\n\t\t\t<p>wir m\u00f6chten euch dar\u00fcber informieren, dass die Gondelbahn am Gro\u00dfen Arber bis zum 05. November noch t\u00e4glich ge\u00f6ffnet ist und ab dem 06. November aufgrund<\/p>\n\t\t<\/div>\n\t\t\n\t\t<a class=\"elementor-post__read-more\" href=\"https:\/\/www.arber.de\/cs\/oeffnungszeiten-im-november\/\" aria-label=\"Read more about \u00d6ffnungszeiten im November\" tabindex=\"-1\">\n\t\t\tPokra\u010dovat ve \u010dten\u00ed \"\t\t<\/a>\n\n\t\t\t\t<\/div>\n\t\t\t\t<div class=\"elementor-post__meta-data\">\n\t\t\t\t\t<span class=\"elementor-post-date\">\n\t\t\t24. \u0159\u00edjna 2023\t\t<\/span>\n\t\t\t\t<\/div>\n\t\t\t\t\t<\/div>\n\t\t<\/article>\n\t\t\t\t<article class=\"elementor-post elementor-grid-item post-10557 post type-post status-publish format-standard has-post-thumbnail hentry category-neuigkeiten-cs\" role=\"listitem\">\n\t\t\t<div class=\"elementor-post__card\">\n\t\t\t\t<a class=\"elementor-post__thumbnail__link\" href=\"https:\/\/www.arber.de\/cs\/wohnmobil-stellplaetze-am-grossen-arber-grossen-arbersee\/\" tabindex=\"-1\"><div class=\"elementor-post__thumbnail\"><img loading=\"lazy\" decoding=\"async\" width=\"300\" height=\"225\" src=\"https:\/\/www.arber.de\/wp-content\/uploads\/Campingbild-300x225.png\" class=\"attachment-medium size-medium wp-image-9804\" alt=\"\" srcset=\"https:\/\/www.arber.de\/wp-content\/uploads\/Campingbild-300x225.png 300w, https:\/\/www.arber.de\/wp-content\/uploads\/Campingbild-1024x768.png 1024w, https:\/\/www.arber.de\/wp-content\/uploads\/Campingbild-768x576.png 768w, https:\/\/www.arber.de\/wp-content\/uploads\/Campingbild-1536x1152.png 1536w, https:\/\/www.arber.de\/wp-content\/uploads\/Campingbild.png 1890w\" sizes=\"(max-width: 300px) 100vw, 300px\" \/><\/div><\/a>\n\t\t\t\t<div class=\"elementor-post__text\">\n\t\t\t\t<h2 class=\"elementor-post__title\">\n\t\t\t<a href=\"https:\/\/www.arber.de\/cs\/wohnmobil-stellplaetze-am-grossen-arber-grossen-arbersee\/\">\n\t\t\t\tWohnmobil-Stellpl\u00e4tze am Gro\u00dfen Arber &#038; Gro\u00dfen Arbersee\t\t\t<\/a>\n\t\t<\/h2>\n\t\t\t\t<div class=\"elementor-post__excerpt\">\n\t\t\t<p>Wir freuen uns, eine aufregende Neuigkeit mitteilen zu k\u00f6nnen: Ab sofort bieten wir Wohnmobilisten die M\u00f6glichkeit, die atemberaubende Sch\u00f6nheit des Gro\u00dfen Arbers und des Gro\u00dfen<\/p>\n\t\t<\/div>\n\t\t\n\t\t<a class=\"elementor-post__read-more\" href=\"https:\/\/www.arber.de\/cs\/wohnmobil-stellplaetze-am-grossen-arber-grossen-arbersee\/\" aria-label=\"Read more about Wohnmobil-Stellpl\u00e4tze am Gro\u00dfen Arber &#038; Gro\u00dfen Arbersee\" tabindex=\"-1\">\n\t\t\tPokra\u010dovat ve \u010dten\u00ed \"\t\t<\/a>\n\n\t\t\t\t<\/div>\n\t\t\t\t<div class=\"elementor-post__meta-data\">\n\t\t\t\t\t<span class=\"elementor-post-date\">\n\t\t\t6. \u0159\u00edjna 2023\t\t<\/span>\n\t\t\t\t<\/div>\n\t\t\t\t\t<\/div>\n\t\t<\/article>\n\t\t\t\t<article class=\"elementor-post elementor-grid-item post-10583 post type-post status-publish format-standard has-post-thumbnail hentry category-neuigkeiten-cs\" role=\"listitem\">\n\t\t\t<div class=\"elementor-post__card\">\n\t\t\t\t<a class=\"elementor-post__thumbnail__link\" href=\"https:\/\/www.arber.de\/cs\/9463\/\" tabindex=\"-1\"><div class=\"elementor-post__thumbnail\"><img loading=\"lazy\" decoding=\"async\" width=\"212\" height=\"300\" src=\"https:\/\/www.arber.de\/wp-content\/uploads\/KOSTENPFLICHTIGER-WOHNMOBILSTELLPLATZ-212x300.jpg\" class=\"attachment-medium size-medium wp-image-9469\" alt=\"\" srcset=\"https:\/\/www.arber.de\/wp-content\/uploads\/KOSTENPFLICHTIGER-WOHNMOBILSTELLPLATZ-212x300.jpg 212w, https:\/\/www.arber.de\/wp-content\/uploads\/KOSTENPFLICHTIGER-WOHNMOBILSTELLPLATZ-724x1024.jpg 724w, https:\/\/www.arber.de\/wp-content\/uploads\/KOSTENPFLICHTIGER-WOHNMOBILSTELLPLATZ-768x1086.jpg 768w, https:\/\/www.arber.de\/wp-content\/uploads\/KOSTENPFLICHTIGER-WOHNMOBILSTELLPLATZ-1086x1536.jpg 1086w, https:\/\/www.arber.de\/wp-content\/uploads\/KOSTENPFLICHTIGER-WOHNMOBILSTELLPLATZ-1448x2048.jpg 1448w, https:\/\/www.arber.de\/wp-content\/uploads\/KOSTENPFLICHTIGER-WOHNMOBILSTELLPLATZ.jpg 1587w\" sizes=\"(max-width: 212px) 100vw, 212px\" \/><\/div><\/a>\n\t\t\t\t<div class=\"elementor-post__text\">\n\t\t\t\t<h2 class=\"elementor-post__title\">\n\t\t\t<a href=\"https:\/\/www.arber.de\/cs\/9463\/\">\n\t\t\t\tWohnmobil-Stellpl\u00e4tze am Gro\u00dfen Arber und Arbersee\t\t\t<\/a>\n\t\t<\/h2>\n\t\t\t\t<div class=\"elementor-post__excerpt\">\n\t\t\t<p>Wir freuen uns, euch eine brandneue M\u00f6glichkeit anzubieten, eure Aufenthalt bei uns noch angenehmer zu gestalten. Ab sofort k\u00f6nnt ihr euren Parkplatz f\u00fcr Wohnmobile und<\/p>\n\t\t<\/div>\n\t\t\n\t\t<a class=\"elementor-post__read-more\" href=\"https:\/\/www.arber.de\/cs\/9463\/\" aria-label=\"Read more about Wohnmobil-Stellpl\u00e4tze am Gro\u00dfen Arber und Arbersee\" tabindex=\"-1\">\n\t\t\tPokra\u010dovat ve \u010dten\u00ed \"\t\t<\/a>\n\n\t\t\t\t<\/div>\n\t\t\t\t<div class=\"elementor-post__meta-data\">\n\t\t\t\t\t<span class=\"elementor-post-date\">\n\t\t\t19. z\u00e1\u0159\u00ed 2023\t\t<\/span>\n\t\t\t\t<\/div>\n\t\t\t\t\t<\/div>\n\t\t<\/article>\n\t\t\t\t<article class=\"elementor-post elementor-grid-item post-10585 post type-post status-publish format-standard has-post-thumbnail hentry category-neuigkeiten-cs\" role=\"listitem\">\n\t\t\t<div class=\"elementor-post__card\">\n\t\t\t\t<a class=\"elementor-post__thumbnail__link\" href=\"https:\/\/www.arber.de\/cs\/der-huettenkrimi-rockt-im-arberseehaus-20-07-2024\/\" tabindex=\"-1\"><div class=\"elementor-post__thumbnail\"><img loading=\"lazy\" decoding=\"async\" width=\"300\" height=\"200\" src=\"https:\/\/www.arber.de\/wp-content\/uploads\/big-ticket-image-62def3a739ee0347972903-cropped600-400-dpl-62df86c49d9de-300x200.jpg\" class=\"attachment-medium size-medium wp-image-9459\" alt=\"\" srcset=\"https:\/\/www.arber.de\/wp-content\/uploads\/big-ticket-image-62def3a739ee0347972903-cropped600-400-dpl-62df86c49d9de-300x200.jpg 300w, https:\/\/www.arber.de\/wp-content\/uploads\/big-ticket-image-62def3a739ee0347972903-cropped600-400-dpl-62df86c49d9de.jpg 600w\" sizes=\"(max-width: 300px) 100vw, 300px\" \/><\/div><\/a>\n\t\t\t\t<div class=\"elementor-post__text\">\n\t\t\t\t<h2 class=\"elementor-post__title\">\n\t\t\t<a href=\"https:\/\/www.arber.de\/cs\/der-huettenkrimi-rockt-im-arberseehaus-20-07-2024\/\">\n\t\t\t\tDer H\u00fcttenkrimi Rockt im Arberseehaus &#8211; 20.07.2024\t\t\t<\/a>\n\t\t<\/h2>\n\t\t\t\t<div class=\"elementor-post__excerpt\">\n\t\t\t<p>Der H\u00fcttenkrimi rockt 2023 war ein echter Knaller, fast schon eine Rocklegende und so geht die Ermittlung um die Altrockerin Marlene H\u00f6slwanger 2024 in die<\/p>\n\t\t<\/div>\n\t\t\n\t\t<a class=\"elementor-post__read-more\" href=\"https:\/\/www.arber.de\/cs\/der-huettenkrimi-rockt-im-arberseehaus-20-07-2024\/\" aria-label=\"Read more about Der H\u00fcttenkrimi Rockt im Arberseehaus &#8211; 20.07.2024\" tabindex=\"-1\">\n\t\t\tPokra\u010dovat ve \u010dten\u00ed \"\t\t<\/a>\n\n\t\t\t\t<\/div>\n\t\t\t\t<div class=\"elementor-post__meta-data\">\n\t\t\t\t\t<span class=\"elementor-post-date\">\n\t\t\t18. z\u00e1\u0159\u00ed 2023\t\t<\/span>\n\t\t\t\t<\/div>\n\t\t\t\t\t<\/div>\n\t\t<\/article>\n\t\t\t\t<article class=\"elementor-post elementor-grid-item post-10587 post type-post status-publish format-standard has-post-thumbnail hentry category-neuigkeiten-cs\" role=\"listitem\">\n\t\t\t<div class=\"elementor-post__card\">\n\t\t\t\t<a class=\"elementor-post__thumbnail__link\" href=\"https:\/\/www.arber.de\/cs\/original-krimidinner-in-der-eisensteiner-huette-am-grossen-arber-ein-mordsspass-im-bayerischen-wald\/\" tabindex=\"-1\"><div class=\"elementor-post__thumbnail\"><img loading=\"lazy\" decoding=\"async\" width=\"300\" height=\"200\" src=\"https:\/\/www.arber.de\/wp-content\/uploads\/2021-01-18-300x200.jpg\" class=\"attachment-medium size-medium wp-image-9450\" alt=\"\" srcset=\"https:\/\/www.arber.de\/wp-content\/uploads\/2021-01-18-300x200.jpg 300w, https:\/\/www.arber.de\/wp-content\/uploads\/2021-01-18.jpg 680w\" sizes=\"(max-width: 300px) 100vw, 300px\" \/><\/div><\/a>\n\t\t\t\t<div class=\"elementor-post__text\">\n\t\t\t\t<h2 class=\"elementor-post__title\">\n\t\t\t<a href=\"https:\/\/www.arber.de\/cs\/original-krimidinner-in-der-eisensteiner-huette-am-grossen-arber-ein-mordsspass-im-bayerischen-wald\/\">\n\t\t\t\tOriginal Krimidinner 2024 in der Eisensteiner H\u00fctte am Gro\u00dfen Arber: Ein Mordsspa\u00df im Bayerischen Wald\t\t\t<\/a>\n\t\t<\/h2>\n\t\t\t\t<div class=\"elementor-post__excerpt\">\n\t\t\t<p>Erlebt diese echte Gem\u00fctlichkeit auf der Bergh\u00fctte, genie\u00dft k\u00f6stliche Schmankerl und seid mittendrin, wenn ein \u201etypisch boarischer\u201c Kriminalfall passiert. Ihr werdet eintauchen in dieses Erlebnis<\/p>\n\t\t<\/div>\n\t\t\n\t\t<a class=\"elementor-post__read-more\" href=\"https:\/\/www.arber.de\/cs\/original-krimidinner-in-der-eisensteiner-huette-am-grossen-arber-ein-mordsspass-im-bayerischen-wald\/\" aria-label=\"Read more about Original Krimidinner 2024 in der Eisensteiner H\u00fctte am Gro\u00dfen Arber: Ein Mordsspa\u00df im Bayerischen Wald\" tabindex=\"-1\">\n\t\t\tPokra\u010dovat ve \u010dten\u00ed \"\t\t<\/a>\n\n\t\t\t\t<\/div>\n\t\t\t\t<div class=\"elementor-post__meta-data\">\n\t\t\t\t\t<span class=\"elementor-post-date\">\n\t\t\t18. z\u00e1\u0159\u00ed 2023\t\t<\/span>\n\t\t\t\t<\/div>\n\t\t\t\t\t<\/div>\n\t\t<\/article>\n\t\t\t\t<article class=\"elementor-post elementor-grid-item post-10593 post type-post status-publish format-standard has-post-thumbnail hentry category-neuigkeiten-cs\" role=\"listitem\">\n\t\t\t<div class=\"elementor-post__card\">\n\t\t\t\t<a class=\"elementor-post__thumbnail__link\" href=\"https:\/\/www.arber.de\/cs\/entspannte-auszeit-im-bayerischen-wald-tolle-kurzurlaub-angebote\/\" tabindex=\"-1\"><div class=\"elementor-post__thumbnail\"><img loading=\"lazy\" decoding=\"async\" width=\"300\" height=\"200\" src=\"https:\/\/www.arber.de\/wp-content\/uploads\/DJI_0247-300x200.jpg\" class=\"attachment-medium size-medium wp-image-8226\" alt=\"\" srcset=\"https:\/\/www.arber.de\/wp-content\/uploads\/DJI_0247-300x200.jpg 300w, https:\/\/www.arber.de\/wp-content\/uploads\/DJI_0247-1024x682.jpg 1024w, https:\/\/www.arber.de\/wp-content\/uploads\/DJI_0247-768x512.jpg 768w, https:\/\/www.arber.de\/wp-content\/uploads\/DJI_0247-1536x1023.jpg 1536w, https:\/\/www.arber.de\/wp-content\/uploads\/DJI_0247-2048x1364.jpg 2048w\" sizes=\"(max-width: 300px) 100vw, 300px\" \/><\/div><\/a>\n\t\t\t\t<div class=\"elementor-post__text\">\n\t\t\t\t<h2 class=\"elementor-post__title\">\n\t\t\t<a href=\"https:\/\/www.arber.de\/cs\/entspannte-auszeit-im-bayerischen-wald-tolle-kurzurlaub-angebote\/\">\n\t\t\t\tEntspannte Auszeit im Bayerischen Wald: Tolle Kurzurlaub-Angebote\t\t\t<\/a>\n\t\t<\/h2>\n\t\t\t\t<div class=\"elementor-post__excerpt\">\n\t\t\t<p>Der Bayerische Wald \u2013 ein Paradies f\u00fcr Naturliebhaber, Wanderfreunde und Erholungssuchende. Wenn ihr eine kurze Auszeit vom Alltag sucht und die Sch\u00f6nheit dieser Region entdecken<\/p>\n\t\t<\/div>\n\t\t\n\t\t<a class=\"elementor-post__read-more\" href=\"https:\/\/www.arber.de\/cs\/entspannte-auszeit-im-bayerischen-wald-tolle-kurzurlaub-angebote\/\" aria-label=\"Read more about Entspannte Auszeit im Bayerischen Wald: Tolle Kurzurlaub-Angebote\" tabindex=\"-1\">\n\t\t\tPokra\u010dovat ve \u010dten\u00ed \"\t\t<\/a>\n\n\t\t\t\t<\/div>\n\t\t\t\t<div class=\"elementor-post__meta-data\">\n\t\t\t\t\t<span class=\"elementor-post-date\">\n\t\t\t6. z\u00e1\u0159\u00ed 2023\t\t<\/span>\n\t\t\t\t<\/div>\n\t\t\t\t\t<\/div>\n\t\t<\/article>\n\t\t\t\t<\/div>\n\t\t\t\t\t<span class=\"e-load-more-spinner\">\n\t\t\t\t<svg aria-hidden=\"true\" class=\"e-font-icon-svg e-fas-spinner\" viewBox=\"0 0 512 512\" xmlns=\"http:\/\/www.w3.org\/2000\/svg\"><path d=\"M304 48c0 26.51-21.49 48-48 48s-48-21.49-48-48 21.49-48 48-48 48 21.49 48 48zm-48 368c-26.51 0-48 21.49-48 48s21.49 48 48 48 48-21.49 48-48-21.49-48-48-48zm208-208c-26.51 0-48 21.49-48 48s21.49 48 48 48 48-21.49 48-48-21.49-48-48-48zM96 256c0-26.51-21.49-48-48-48S0 229.49 0 256s21.49 48 48 48 48-21.49 48-48zm12.922 99.078c-26.51 0-48 21.49-48 48s21.49 48 48 48 48-21.49 48-48c0-26.509-21.491-48-48-48zm294.156 0c-26.51 0-48 21.49-48 48s21.49 48 48 48 48-21.49 48-48c0-26.509-21.49-48-48-48zM108.922 60.922c-26.51 0-48 21.49-48 48s21.49 48 48 48 48-21.49 48-48-21.491-48-48-48z\"><\/path><\/svg>\t\t\t<\/span>\n\t\t\n\t\t\t\t<div class=\"e-load-more-anchor\" data-page=\"1\" data-max-page=\"2\" data-next-page=\"https:\/\/www.arber.de\/cs\/wp-json\/wp\/v2\/pages\/8583\/page\/2\/\"><\/div>\n\t\t\t\t<div class=\"elementor-button-wrapper\">\n\t\t\t<a class=\"elementor-button elementor-size-sm\" role=\"button\">\n\t\t\t\t\t\t<span class=\"elementor-button-content-wrapper\">\n\t\t\t\t\t\t\t\t\t<span class=\"elementor-button-text\">Weitere Neuigkeiten<\/span>\n\t\t\t\t\t<\/span>\n\t\t\t\t\t<\/a>\n\t\t<\/div>\n\t\t\t\t<div class=\"e-load-more-message\"><\/div>\n\t\t\t\t\t\t<\/div>\n\t\t\t\t<\/div>\n\t\t\t\t\t<\/div>\n\t\t\t\t<\/div>\n\t\t\t\t<\/div>\n\t\t","protected":false},"excerpt":{"rendered":"<p>Novinky o Gro\u00dfer Arber! &#8222;,&#8220;nextArrow&#8220;:&#8220;&#8222;,&#8220;autoplay&#8220;:true,&#8220;autoplaySpeed&#8220;:5000}&#8216; dir=&#8220;ltr&#8220; data-typing=&#8220;1&#8243;&gt; 27.07.2023 Entdecke den brandneuen Kinderspielplatz an der Bergstation 27.07.2023 Gondelbahn t\u00e4glich ge\u00f6ffnet<\/p>\n","protected":false},"author":1,"featured_media":0,"parent":8580,"menu_order":0,"comment_status":"closed","ping_status":"closed","template":"","meta":{"inline_featured_image":false,"footnotes":""},"class_list":["post-8583","page","type-page","status-publish","hentry"],"_links":{"self":[{"href":"https:\/\/www.arber.de\/cs\/wp-json\/wp\/v2\/pages\/8583","targetHints":{"allow":["GET"]}}],"collection":[{"href":"https:\/\/www.arber.de\/cs\/wp-json\/wp\/v2\/pages"}],"about":[{"href":"https:\/\/www.arber.de\/cs\/wp-json\/wp\/v2\/types\/page"}],"author":[{"embeddable":true,"href":"https:\/\/www.arber.de\/cs\/wp-json\/wp\/v2\/users\/1"}],"replies":[{"embeddable":true,"href":"https:\/\/www.arber.de\/cs\/wp-json\/wp\/v2\/comments?post=8583"}],"version-history":[{"count":1,"href":"https:\/\/www.arber.de\/cs\/wp-json\/wp\/v2\/pages\/8583\/revisions"}],"predecessor-version":[{"id":8597,"href":"https:\/\/www.arber.de\/cs\/wp-json\/wp\/v2\/pages\/8583\/revisions\/8597"}],"up":[{"embeddable":true,"href":"https:\/\/www.arber.de\/cs\/wp-json\/wp\/v2\/pages\/8580"}],"wp:attachment":[{"href":"https:\/\/www.arber.de\/cs\/wp-json\/wp\/v2\/media?parent=8583"}],"curies":[{"name":"wp","href":"https:\/\/api.w.org\/{rel}","templated":true}]}}