{"id":10642,"date":"2023-01-12T14:01:01","date_gmt":"2023-01-12T13:01:01","guid":{"rendered":"https:\/\/www.arber.de\/sommer\/arberkapelle\/"},"modified":"2023-01-12T14:01:01","modified_gmt":"2023-01-12T13:01:01","slug":"arberkapelle","status":"publish","type":"page","link":"https:\/\/www.arber.de\/cs\/sommer\/arberkapelle\/","title":{"rendered":"Arberkapelle"},"content":{"rendered":"\t\t<div data-elementor-type=\"wp-page\" data-elementor-id=\"10642\" class=\"elementor elementor-10642 elementor-5425\" data-elementor-post-type=\"page\">\n\t\t\t\t<div class=\"elementor-element elementor-element-3be5774d e-con-full e-flex e-con e-parent\" data-id=\"3be5774d\" data-element_type=\"container\">\n\t\t<div class=\"elementor-element elementor-element-28c6f356 e-flex e-con-boxed e-con e-parent\" data-id=\"28c6f356\" data-element_type=\"container\" data-settings=\"{&quot;background_background&quot;:&quot;classic&quot;,&quot;shape_divider_bottom&quot;:&quot;pyramids&quot;}\">\n\t\t\t\t\t<div class=\"e-con-inner\">\n\t\t\t\t<div class=\"elementor-shape elementor-shape-bottom\" aria-hidden=\"true\" data-negative=\"false\">\n\t\t\t<svg xmlns=\"http:\/\/www.w3.org\/2000\/svg\" viewBox=\"0 0 1000 100\" preserveAspectRatio=\"none\">\n\t<path class=\"elementor-shape-fill\" d=\"M761.9,44.1L643.1,27.2L333.8,98L0,3.8V0l1000,0v3.9\"\/>\n<\/svg>\t\t<\/div>\n\t\t\t\t\t<\/div>\n\t\t\t\t<\/div>\n\t\t<div class=\"elementor-element elementor-element-c1a000f e-flex e-con-boxed e-con e-parent\" data-id=\"c1a000f\" data-element_type=\"container\" data-settings=\"{&quot;background_background&quot;:&quot;gradient&quot;,&quot;shape_divider_bottom&quot;:&quot;pyramids&quot;}\">\n\t\t\t\t\t<div class=\"e-con-inner\">\n\t\t\t\t<div class=\"elementor-shape elementor-shape-bottom\" aria-hidden=\"true\" data-negative=\"false\">\n\t\t\t<svg xmlns=\"http:\/\/www.w3.org\/2000\/svg\" viewBox=\"0 0 1000 100\" preserveAspectRatio=\"none\">\n\t<path class=\"elementor-shape-fill\" d=\"M761.9,44.1L643.1,27.2L333.8,98L0,3.8V0l1000,0v3.9\"\/>\n<\/svg>\t\t<\/div>\n\t\t\t\t<div class=\"elementor-element elementor-element-52824c8b elementor-widget__width-initial elementor-widget-mobile__width-inherit elementor-widget elementor-widget-heading\" data-id=\"52824c8b\" data-element_type=\"widget\" data-widget_type=\"heading.default\">\n\t\t\t\t<div class=\"elementor-widget-container\">\n\t\t\t\t\t<div class=\"elementor-heading-title elementor-size-default\">Geschichte der Arberkapelle seit 1806<\/div>\t\t\t\t<\/div>\n\t\t\t\t<\/div>\n\t\t\t\t\t<\/div>\n\t\t\t\t<\/div>\n\t\t\t\t<\/div>\n\t\t<div class=\"elementor-element elementor-element-166d7b68 e-flex e-con-boxed e-con e-parent\" data-id=\"166d7b68\" data-element_type=\"container\">\n\t\t\t\t\t<div class=\"e-con-inner\">\n\t\t<div class=\"elementor-element elementor-element-4ed5e0eb e-con-full e-flex e-con e-parent\" data-id=\"4ed5e0eb\" data-element_type=\"container\" data-settings=\"{&quot;motion_fx_motion_fx_scrolling&quot;:&quot;yes&quot;,&quot;motion_fx_translateY_effect&quot;:&quot;yes&quot;,&quot;motion_fx_translateY_speed&quot;:{&quot;unit&quot;:&quot;px&quot;,&quot;size&quot;:1.5,&quot;sizes&quot;:[]},&quot;motion_fx_devices&quot;:[&quot;desktop&quot;,&quot;tablet&quot;],&quot;motion_fx_translateY_affectedRange&quot;:{&quot;unit&quot;:&quot;%&quot;,&quot;size&quot;:&quot;&quot;,&quot;sizes&quot;:{&quot;start&quot;:0,&quot;end&quot;:100}}}\">\n\t\t\t\t<div class=\"elementor-element elementor-element-500a6f3b elementor-widget elementor-widget-heading\" data-id=\"500a6f3b\" data-element_type=\"widget\" data-widget_type=\"heading.default\">\n\t\t\t\t<div class=\"elementor-widget-container\">\n\t\t\t\t\t<h1 class=\"elementor-heading-title elementor-size-default\">Die Arberkapelle unterm Gipfel<\/h1>\t\t\t\t<\/div>\n\t\t\t\t<\/div>\n\t\t\t\t<div class=\"elementor-element elementor-element-51eab7bd elementor-widget elementor-widget-text-editor\" data-id=\"51eab7bd\" data-element_type=\"widget\" data-widget_type=\"text-editor.default\">\n\t\t\t\t<div class=\"elementor-widget-container\">\n\t\t\t\t\t\t\t\t\t<h3>Schon im Jahr 1769 bem\u00fcht sich Johann Georg von Hafenbr\u00e4dl (1726 \u2013 1786) um die Errichtung einer Kapelle auf dem Arber.<\/h3><p>Aber erst 37 Jahre sp\u00e4ter im Sommer des Jahres 1806 wird auf dem Gipfel des Gr. Arbers eine erste Holzkapelle gebaut. Die Winter auf dem Arber setzten der Kapelle so zu, dass das kleine Bauwerk im Laufe von 150 Jahren viermal erneuert werden musste.<\/p><p>Die letzte Kapelle wird aber schon in Bruchsteinen gemauert und um das Jahr 1880 mit einem mit Ziegel gedeckten, nicht gerade sch\u00f6nen Stadl umschlossen, da es f\u00fcr den Andrang der Wallfahrer, die aus Bayern und B\u00f6hmen zu dem dort aufgestellten Madonnenbild pilgern, zu klein geworden ist. Diesen sch\u00fctzenden Stadl rei\u00dft ein Herbststurm weg.<\/p>\t\t\t\t\t\t\t\t<\/div>\n\t\t\t\t<\/div>\n\t\t\t\t<\/div>\n\t\t<div class=\"elementor-element elementor-element-102d72cf e-con-full e-flex e-con e-parent\" data-id=\"102d72cf\" data-element_type=\"container\" data-settings=\"{&quot;motion_fx_motion_fx_scrolling&quot;:&quot;yes&quot;,&quot;motion_fx_translateY_effect&quot;:&quot;yes&quot;,&quot;motion_fx_translateY_direction&quot;:&quot;negative&quot;,&quot;motion_fx_translateY_speed&quot;:{&quot;unit&quot;:&quot;px&quot;,&quot;size&quot;:3.5,&quot;sizes&quot;:[]},&quot;motion_fx_devices&quot;:[&quot;desktop&quot;,&quot;tablet&quot;],&quot;motion_fx_translateY_affectedRange&quot;:{&quot;unit&quot;:&quot;%&quot;,&quot;size&quot;:&quot;&quot;,&quot;sizes&quot;:{&quot;start&quot;:0,&quot;end&quot;:100}}}\">\n\t\t\t\t<div class=\"elementor-element elementor-element-3773934c elementor-widget elementor-widget-image\" data-id=\"3773934c\" data-element_type=\"widget\" data-widget_type=\"image.default\">\n\t\t\t\t<div class=\"elementor-widget-container\">\n\t\t\t\t\t\t\t\t\t\t\t\t\t\t\t<img fetchpriority=\"high\" decoding=\"async\" width=\"800\" height=\"534\" src=\"https:\/\/www.arber.de\/wp-content\/uploads\/arberkapelle-winteransicht-1024x683.jpg\" class=\"attachment-large size-large wp-image-5459\" alt=\"\" srcset=\"https:\/\/www.arber.de\/wp-content\/uploads\/arberkapelle-winteransicht-1024x683.jpg 1024w, https:\/\/www.arber.de\/wp-content\/uploads\/arberkapelle-winteransicht-300x200.jpg 300w, https:\/\/www.arber.de\/wp-content\/uploads\/arberkapelle-winteransicht-768x512.jpg 768w, https:\/\/www.arber.de\/wp-content\/uploads\/arberkapelle-winteransicht-1536x1024.jpg 1536w, https:\/\/www.arber.de\/wp-content\/uploads\/arberkapelle-winteransicht-2048x1365.jpg 2048w\" sizes=\"(max-width: 800px) 100vw, 800px\" \/>\t\t\t\t\t\t\t\t\t\t\t\t\t\t\t<\/div>\n\t\t\t\t<\/div>\n\t\t\t\t<div class=\"elementor-element elementor-element-34917d0 elementor-widget elementor-widget-text-editor\" data-id=\"34917d0\" data-element_type=\"widget\" data-widget_type=\"text-editor.default\">\n\t\t\t\t<div class=\"elementor-widget-container\">\n\t\t\t\t\t\t\t\t\t<p>Am 26. August 1906 wird das 100 j\u00e4hrige Bestehen der Kapelle gefeiert. Als der 1. Weltkrieg vorbei ist, ist die Arberkapelle auf einen k\u00fcmmerlichen Rest zusammengebrochen. Mit der Arberkapelle sollte auch die beliebte Arberkirchweih f\u00fcr Jahrzehnte verschwinden.<\/p>\t\t\t\t\t\t\t\t<\/div>\n\t\t\t\t<\/div>\n\t\t\t\t<\/div>\n\t\t\t\t\t<\/div>\n\t\t\t\t<\/div>\n\t\t<div class=\"elementor-element elementor-element-3885f59c e-flex e-con-boxed e-con e-parent\" data-id=\"3885f59c\" data-element_type=\"container\">\n\t\t\t\t\t<div class=\"e-con-inner\">\n\t\t\t\t<div class=\"elementor-element elementor-element-7c26fd56 elementor-widget elementor-widget-gallery\" data-id=\"7c26fd56\" data-element_type=\"widget\" data-settings=\"{&quot;columns_mobile&quot;:2,&quot;columns_tablet&quot;:4,&quot;aspect_ratio&quot;:&quot;1:1&quot;,&quot;lazyload&quot;:&quot;yes&quot;,&quot;gallery_layout&quot;:&quot;grid&quot;,&quot;columns&quot;:4,&quot;gap&quot;:{&quot;unit&quot;:&quot;px&quot;,&quot;size&quot;:10,&quot;sizes&quot;:[]},&quot;gap_tablet&quot;:{&quot;unit&quot;:&quot;px&quot;,&quot;size&quot;:10,&quot;sizes&quot;:[]},&quot;gap_mobile&quot;:{&quot;unit&quot;:&quot;px&quot;,&quot;size&quot;:10,&quot;sizes&quot;:[]},&quot;link_to&quot;:&quot;file&quot;,&quot;overlay_background&quot;:&quot;yes&quot;,&quot;content_hover_animation&quot;:&quot;fade-in&quot;}\" data-widget_type=\"gallery.default\">\n\t\t\t\t<div class=\"elementor-widget-container\">\n\t\t\t\t\t\t\t<div class=\"elementor-gallery__container\">\n\t\t\t\t\t\t\t<a class=\"e-gallery-item elementor-gallery-item elementor-animated-content\" href=\"https:\/\/www.arber.de\/wp-content\/uploads\/arberkapelle-historisch-1.jpg\" data-elementor-open-lightbox=\"yes\" data-elementor-lightbox-slideshow=\"7c26fd56\" data-e-action-hash=\"#elementor-action%3Aaction%3Dlightbox%26settings%3DeyJpZCI6NTQ3MiwidXJsIjoiaHR0cHM6XC9cL3d3dy5hcmJlci5kZVwvd3AtY29udGVudFwvdXBsb2Fkc1wvYXJiZXJrYXBlbGxlLWhpc3RvcmlzY2gtMS5qcGciLCJzbGlkZXNob3ciOiI3YzI2ZmQ1NiJ9\">\n\t\t\t\t\t<div class=\"e-gallery-image elementor-gallery-item__image\" data-thumbnail=\"https:\/\/www.arber.de\/wp-content\/uploads\/arberkapelle-historisch-1.jpg\" data-width=\"250\" data-height=\"200\" aria-label=\"\" role=\"img\" ><\/div>\n\t\t\t\t\t\t\t\t\t\t\t<div class=\"elementor-gallery-item__overlay\"><\/div>\n\t\t\t\t\t\t\t\t\t\t\t\t\t\t<\/a>\n\t\t\t\t\t\t\t<a class=\"e-gallery-item elementor-gallery-item elementor-animated-content\" href=\"https:\/\/www.arber.de\/wp-content\/uploads\/arberkapelle-historisch-2.jpg\" data-elementor-open-lightbox=\"yes\" data-elementor-lightbox-slideshow=\"7c26fd56\" data-e-action-hash=\"#elementor-action%3Aaction%3Dlightbox%26settings%3DeyJpZCI6NTQ3NiwidXJsIjoiaHR0cHM6XC9cL3d3dy5hcmJlci5kZVwvd3AtY29udGVudFwvdXBsb2Fkc1wvYXJiZXJrYXBlbGxlLWhpc3RvcmlzY2gtMi5qcGciLCJzbGlkZXNob3ciOiI3YzI2ZmQ1NiJ9\">\n\t\t\t\t\t<div class=\"e-gallery-image elementor-gallery-item__image\" data-thumbnail=\"https:\/\/www.arber.de\/wp-content\/uploads\/arberkapelle-historisch-2.jpg\" data-width=\"250\" data-height=\"200\" aria-label=\"\" role=\"img\" ><\/div>\n\t\t\t\t\t\t\t\t\t\t\t<div class=\"elementor-gallery-item__overlay\"><\/div>\n\t\t\t\t\t\t\t\t\t\t\t\t\t\t<\/a>\n\t\t\t\t\t\t\t<a class=\"e-gallery-item elementor-gallery-item elementor-animated-content\" href=\"https:\/\/www.arber.de\/wp-content\/uploads\/arberkapelle-historisch-3.jpg\" data-elementor-open-lightbox=\"yes\" data-elementor-lightbox-slideshow=\"7c26fd56\" data-e-action-hash=\"#elementor-action%3Aaction%3Dlightbox%26settings%3DeyJpZCI6NTQ4MCwidXJsIjoiaHR0cHM6XC9cL3d3dy5hcmJlci5kZVwvd3AtY29udGVudFwvdXBsb2Fkc1wvYXJiZXJrYXBlbGxlLWhpc3RvcmlzY2gtMy5qcGciLCJzbGlkZXNob3ciOiI3YzI2ZmQ1NiJ9\">\n\t\t\t\t\t<div class=\"e-gallery-image elementor-gallery-item__image\" data-thumbnail=\"https:\/\/www.arber.de\/wp-content\/uploads\/arberkapelle-historisch-3.jpg\" data-width=\"250\" data-height=\"200\" aria-label=\"\" role=\"img\" ><\/div>\n\t\t\t\t\t\t\t\t\t\t\t<div class=\"elementor-gallery-item__overlay\"><\/div>\n\t\t\t\t\t\t\t\t\t\t\t\t\t\t<\/a>\n\t\t\t\t\t\t\t<a class=\"e-gallery-item elementor-gallery-item elementor-animated-content\" href=\"https:\/\/www.arber.de\/wp-content\/uploads\/arberkapelle-historisch-4.jpg\" data-elementor-open-lightbox=\"yes\" data-elementor-lightbox-slideshow=\"7c26fd56\" data-e-action-hash=\"#elementor-action%3Aaction%3Dlightbox%26settings%3DeyJpZCI6NTQ4NCwidXJsIjoiaHR0cHM6XC9cL3d3dy5hcmJlci5kZVwvd3AtY29udGVudFwvdXBsb2Fkc1wvYXJiZXJrYXBlbGxlLWhpc3RvcmlzY2gtNC5qcGciLCJzbGlkZXNob3ciOiI3YzI2ZmQ1NiJ9\">\n\t\t\t\t\t<div class=\"e-gallery-image elementor-gallery-item__image\" data-thumbnail=\"https:\/\/www.arber.de\/wp-content\/uploads\/arberkapelle-historisch-4.jpg\" data-width=\"250\" data-height=\"200\" aria-label=\"\" role=\"img\" ><\/div>\n\t\t\t\t\t\t\t\t\t\t\t<div class=\"elementor-gallery-item__overlay\"><\/div>\n\t\t\t\t\t\t\t\t\t\t\t\t\t\t<\/a>\n\t\t\t\t\t<\/div>\n\t\t\t\t\t<\/div>\n\t\t\t\t<\/div>\n\t\t\t\t\t<\/div>\n\t\t\t\t<\/div>\n\t\t<div class=\"elementor-element elementor-element-dd4a2f6 e-flex e-con-boxed e-con e-parent\" data-id=\"dd4a2f6\" data-element_type=\"container\">\n\t\t\t\t\t<div class=\"e-con-inner\">\n\t\t\t\t<div class=\"elementor-element elementor-element-656288c elementor-widget elementor-widget-text-editor\" data-id=\"656288c\" data-element_type=\"widget\" data-widget_type=\"text-editor.default\">\n\t\t\t\t<div class=\"elementor-widget-container\">\n\t\t\t\t\t\t\t\t\t<p>Bis zum Jahr 1957 dauert es, bis endlich wieder eine Kapelle auf dem Arbergipfel errichtet wird. Es ist eine Stiftung des Grundherren am Arber, des F\u00fcrsten Friedrich Wilhelm von Hohenzollern (1924 \u2013 2010), die am 25. August 1957 der Hl. Maria geweiht wird. Eine aus Kalkstein gearbeitete Madonna, ein Geschenk der F\u00fcrstin Margarita von Hohenzollern (1932 \u2013 1996), steht auf dem kleinen Altartisch im Inneren der Kapelle.<\/p>\t\t\t\t\t\t\t\t<\/div>\n\t\t\t\t<\/div>\n\t\t\t\t\t<\/div>\n\t\t\t\t<\/div>\n\t\t<div class=\"elementor-element elementor-element-8aa1d9c e-flex e-con-boxed e-con e-parent\" data-id=\"8aa1d9c\" data-element_type=\"container\">\n\t\t\t\t\t<div class=\"e-con-inner\">\n\t\t<div class=\"elementor-element elementor-element-df56e62 e-con-full e-flex e-con e-parent\" data-id=\"df56e62\" data-element_type=\"container\">\n\t\t\t\t<div class=\"elementor-element elementor-element-f3661d7 elementor-widget elementor-widget-text-editor\" data-id=\"f3661d7\" data-element_type=\"widget\" data-widget_type=\"text-editor.default\">\n\t\t\t\t<div class=\"elementor-widget-container\">\n\t\t\t\t\t\t\t\t\t<p><strong>Erst im Jahr 1965 lebt die \u00fcber 150-j\u00e4hrige Tradition der <a href=\"https:\/\/www.arber.de\/sommer\/arberkirchweih\/\">Arberkirchweih<\/a> seit 50 Jahren wieder auf und findet seit dem regelm\u00e4\u00dfig am vorletzten Sonntag im August statt.<\/strong><\/p><p>Im Jahr 2015, also nach 58 Jahren wird die Kapelle von der ARBER-BERGBAHN generalsaniert und mit einer Glocke aus der evangelischen Kirche in Bayerisch Eisenstein in einem kleinen Glockenturm best\u00fcckt. Diese mit Schindeln verkleidete Kapelle bietet mit dem Vordach auch einen Wetterschutz f\u00fcr die Gottesdienste und Andachten.<\/p>\t\t\t\t\t\t\t\t<\/div>\n\t\t\t\t<\/div>\n\t\t\t\t<\/div>\n\t\t<div class=\"elementor-element elementor-element-c413dee e-con-full e-flex e-con e-parent\" data-id=\"c413dee\" data-element_type=\"container\">\n\t\t\t\t<div class=\"elementor-element elementor-element-346d175 elementor-widget elementor-widget-text-editor\" data-id=\"346d175\" data-element_type=\"widget\" data-widget_type=\"text-editor.default\">\n\t\t\t\t<div class=\"elementor-widget-container\">\n\t\t\t\t\t\t\t\t\t<p>Die Arber-Glocke hing von 1975 bis 2015 im evangelischen \u201eHaus der Begegnung\u201c in Bayerisch Eisenstein. Nach Schlie\u00dfung dieses Gottes\u00addienstortes, findet sie am Arbergipfel in der Arberkapelle eine neue w\u00fcrdige Heimat.<\/p><p>Die Glocke tr\u00e4gt folgende Aufschrift: \u201eIch bin bei dir, spricht der Herr, da\u00df ich dir helfe und dich errette.\u201c M\u00f6ge die neu renovierte Arberkapelle mit der neuen Glocke auch ein Zeichen f\u00fcr die \u00f6kumenische Verbundenheit aller Christen sein.<\/p>\t\t\t\t\t\t\t\t<\/div>\n\t\t\t\t<\/div>\n\t\t\t\t<\/div>\n\t\t\t\t\t<\/div>\n\t\t\t\t<\/div>\n\t\t\t\t<\/div>\n\t\t","protected":false},"excerpt":{"rendered":"<p>Geschichte der Arberkapelle seit 1806 Die Arberkapelle unterm Gipfel Schon im Jahr 1769 bem\u00fcht sich Johann Georg von Hafenbr\u00e4dl (1726 \u2013 1786) um die Errichtung einer Kapelle auf dem Arber. Aber erst 37 Jahre sp\u00e4ter im Sommer des Jahres 1806 wird auf dem Gipfel des Gr. Arbers eine erste Holzkapelle gebaut. Die Winter auf dem [&hellip;]<\/p>\n","protected":false},"author":1,"featured_media":0,"parent":10524,"menu_order":0,"comment_status":"closed","ping_status":"closed","template":"","meta":{"inline_featured_image":false,"footnotes":""},"class_list":["post-10642","page","type-page","status-publish","hentry"],"_links":{"self":[{"href":"https:\/\/www.arber.de\/cs\/wp-json\/wp\/v2\/pages\/10642","targetHints":{"allow":["GET"]}}],"collection":[{"href":"https:\/\/www.arber.de\/cs\/wp-json\/wp\/v2\/pages"}],"about":[{"href":"https:\/\/www.arber.de\/cs\/wp-json\/wp\/v2\/types\/page"}],"author":[{"embeddable":true,"href":"https:\/\/www.arber.de\/cs\/wp-json\/wp\/v2\/users\/1"}],"replies":[{"embeddable":true,"href":"https:\/\/www.arber.de\/cs\/wp-json\/wp\/v2\/comments?post=10642"}],"version-history":[{"count":0,"href":"https:\/\/www.arber.de\/cs\/wp-json\/wp\/v2\/pages\/10642\/revisions"}],"up":[{"embeddable":true,"href":"https:\/\/www.arber.de\/cs\/wp-json\/wp\/v2\/pages\/10524"}],"wp:attachment":[{"href":"https:\/\/www.arber.de\/cs\/wp-json\/wp\/v2\/media?parent=10642"}],"curies":[{"name":"wp","href":"https:\/\/api.w.org\/{rel}","templated":true}]}}