{"id":10626,"date":"2022-12-13T19:00:02","date_gmt":"2022-12-13T18:00:02","guid":{"rendered":"https:\/\/www.arber.de\/service\/anreise\/"},"modified":"2024-12-30T10:47:06","modified_gmt":"2024-12-30T09:47:06","slug":"anreise","status":"publish","type":"page","link":"https:\/\/www.arber.de\/cs\/service\/anreise\/","title":{"rendered":"Anreise"},"content":{"rendered":"\t\t<div data-elementor-type=\"wp-page\" data-elementor-id=\"10626\" class=\"elementor elementor-10626 elementor-4092\" data-elementor-post-type=\"page\">\n\t\t\t\t<div class=\"elementor-element elementor-element-2cdccc8 e-con-full e-flex e-con e-parent\" data-id=\"2cdccc8\" data-element_type=\"container\">\n\t\t<div class=\"elementor-element elementor-element-7f5b8700 e-flex e-con-boxed e-con e-child\" data-id=\"7f5b8700\" data-element_type=\"container\" data-settings=\"{&quot;background_background&quot;:&quot;classic&quot;,&quot;shape_divider_bottom&quot;:&quot;pyramids&quot;}\">\n\t\t\t\t\t<div class=\"e-con-inner\">\n\t\t\t\t<div class=\"elementor-shape elementor-shape-bottom\" aria-hidden=\"true\" data-negative=\"false\">\n\t\t\t<svg xmlns=\"http:\/\/www.w3.org\/2000\/svg\" viewBox=\"0 0 1000 100\" preserveAspectRatio=\"none\">\n\t<path class=\"elementor-shape-fill\" d=\"M761.9,44.1L643.1,27.2L333.8,98L0,3.8V0l1000,0v3.9\"\/>\n<\/svg>\t\t<\/div>\n\t\t\t\t\t<\/div>\n\t\t\t\t<\/div>\n\t\t<div class=\"elementor-element elementor-element-64c92070 e-flex e-con-boxed e-con e-child\" data-id=\"64c92070\" data-element_type=\"container\" data-settings=\"{&quot;background_background&quot;:&quot;gradient&quot;,&quot;shape_divider_bottom&quot;:&quot;pyramids&quot;}\">\n\t\t\t\t\t<div class=\"e-con-inner\">\n\t\t\t\t<div class=\"elementor-shape elementor-shape-bottom\" aria-hidden=\"true\" data-negative=\"false\">\n\t\t\t<svg xmlns=\"http:\/\/www.w3.org\/2000\/svg\" viewBox=\"0 0 1000 100\" preserveAspectRatio=\"none\">\n\t<path class=\"elementor-shape-fill\" d=\"M761.9,44.1L643.1,27.2L333.8,98L0,3.8V0l1000,0v3.9\"\/>\n<\/svg>\t\t<\/div>\n\t\t\t\t<div class=\"elementor-element elementor-element-62354064 elementor-widget__width-initial elementor-widget-mobile__width-inherit elementor-widget elementor-widget-heading\" data-id=\"62354064\" data-element_type=\"widget\" data-widget_type=\"heading.default\">\n\t\t\t\t<div class=\"elementor-widget-container\">\n\t\t\t\t\t<div class=\"elementor-heading-title elementor-size-default\">Anreise zum Gro\u00dfen Arber<\/div>\t\t\t\t<\/div>\n\t\t\t\t<\/div>\n\t\t\t\t<div class=\"elementor-element elementor-element-2f4a377d elementor-widget__width-initial elementor-widget-mobile__width-inherit elementor-widget elementor-widget-text-editor\" data-id=\"2f4a377d\" data-element_type=\"widget\" data-widget_type=\"text-editor.default\">\n\t\t\t\t<div class=\"elementor-widget-container\">\n\t\t\t\t\t\t\t\t\t<p>Mit <a href=\"#anreise-bus-bahn\">Bus und Bahn<\/a> oder mit <a href=\"#anreise-auto\">Auto<\/a><\/p>\t\t\t\t\t\t\t\t<\/div>\n\t\t\t\t<\/div>\n\t\t\t\t\t<\/div>\n\t\t\t\t<\/div>\n\t\t\t\t<\/div>\n\t\t<div class=\"elementor-element elementor-element-68e9533 e-flex e-con-boxed e-con e-parent\" data-id=\"68e9533\" data-element_type=\"container\" id=\"anreise-bus-bahn\">\n\t\t\t\t\t<div class=\"e-con-inner\">\n\t\t<div class=\"elementor-element elementor-element-1aa4d35 e-con-full e-flex e-con e-child\" data-id=\"1aa4d35\" data-element_type=\"container\" data-settings=\"{&quot;background_background&quot;:&quot;classic&quot;}\">\n\t\t\t\t<div class=\"elementor-element elementor-element-6cc3223 elementor-widget elementor-widget-heading\" data-id=\"6cc3223\" data-element_type=\"widget\" data-widget_type=\"heading.default\">\n\t\t\t\t<div class=\"elementor-widget-container\">\n\t\t\t\t\t<h2 class=\"elementor-heading-title elementor-size-default\">Anreise mit Bus und Bahn<\/h2>\t\t\t\t<\/div>\n\t\t\t\t<\/div>\n\t\t\t\t<div class=\"elementor-element elementor-element-b896056 elementor-widget elementor-widget-text-editor\" data-id=\"b896056\" data-element_type=\"widget\" data-widget_type=\"text-editor.default\">\n\t\t\t\t<div class=\"elementor-widget-container\">\n\t\t\t\t\t\t\t\t\t<p>Lasst den Stau einfach links liegen und genie\u00dft eure Reise zu unserem <a href=\"https:\/\/www.laenderbahn.com\/waldbahn\/ausflugsziele\/grosser-arber\/\" target=\"_blank\" rel=\"noopener\">Gro\u00dfen Arber<\/a> von Anfang an: Die Reiseauskunft der Deutschen Bahn kennt alle Zugfahrpl\u00e4ne und wei\u00df auch, wann Stra\u00dfenbahnen und Busse fahren. Ebenfalls teilt sie euch gern mit, wie lange ihr f\u00fcr den Fu\u00dfweg von der Haltestelle zur Talstation unserer<a href=\"https:\/\/www.laenderbahn.com\/waldbahn\/ausflugsziele\/grosser-arber\/\" target=\"_blank\" rel=\"noopener\"> ARBER-BERGBAHN<\/a> ben\u00f6tigt. Diesen Zielort haben wir in der Reiseauskunft bereits f\u00fcr euch voreingestellt.<\/p>\t\t\t\t\t\t\t\t<\/div>\n\t\t\t\t<\/div>\n\t\t\t\t<\/div>\n\t\t<div class=\"elementor-element elementor-element-2609719 e-con-full e-flex e-con e-child\" data-id=\"2609719\" data-element_type=\"container\" data-settings=\"{&quot;background_background&quot;:&quot;gradient&quot;}\">\n\t\t\t\t<div class=\"elementor-element elementor-element-98243b6 elementor-widget elementor-widget-heading\" data-id=\"98243b6\" data-element_type=\"widget\" data-widget_type=\"heading.default\">\n\t\t\t\t<div class=\"elementor-widget-container\">\n\t\t\t\t\t<h2 class=\"elementor-heading-title elementor-size-default\">Fahrplanauskunft<\/h2>\t\t\t\t<\/div>\n\t\t\t\t<\/div>\n\t\t\t\t<div class=\"elementor-element elementor-element-8622106 elementor-widget elementor-widget-text-editor\" data-id=\"8622106\" data-element_type=\"widget\" data-widget_type=\"text-editor.default\">\n\t\t\t\t<div class=\"elementor-widget-container\">\n\t\t\t\t\t\t\t\t\t<p>Hier k\u00f6nnen Sie die Anreise zum Gro\u00dfen Arber planen<\/p>\t\t\t\t\t\t\t\t<\/div>\n\t\t\t\t<\/div>\n\t\t\t\t<div class=\"elementor-element elementor-element-3ac7f96 elementor-align-justify elementor-widget elementor-widget-button\" data-id=\"3ac7f96\" data-element_type=\"widget\" data-widget_type=\"button.default\">\n\t\t\t\t<div class=\"elementor-widget-container\">\n\t\t\t\t\t\t\t\t\t<div class=\"elementor-button-wrapper\">\n\t\t\t\t\t<a class=\"elementor-button elementor-button-link elementor-size-sm\" href=\"https:\/\/www.bayern-fahrplan.de\/de\/auskunft?zope_command=qi_verify&#038;anyObjFilter_origin=2&#038;name_origin=&#038;anyObjFilter_destination=2&#038;name_destination=Bayerisch+Eisenstein&#038;itdDateDay=21&#038;itdDateMonth=03&#038;itdDateYear=2018&#038;itdTimeHour=10&#038;itdTimeMinute=47&#038;itdTripDateTimeDepArr=dep\" target=\"_blank\" rel=\"noopener\">\n\t\t\t\t\t\t<span class=\"elementor-button-content-wrapper\">\n\t\t\t\t\t\t\t\t\t<span class=\"elementor-button-text\">Jetzt planen<\/span>\n\t\t\t\t\t<\/span>\n\t\t\t\t\t<\/a>\n\t\t\t\t<\/div>\n\t\t\t\t\t\t\t\t<\/div>\n\t\t\t\t<\/div>\n\t\t\t\t<\/div>\n\t\t\t\t\t<\/div>\n\t\t\t\t<\/div>\n\t\t<div class=\"elementor-element elementor-element-4a9ce1e e-flex e-con-boxed e-con e-parent\" data-id=\"4a9ce1e\" data-element_type=\"container\">\n\t\t\t\t\t<div class=\"e-con-inner\">\n\t\t\t\t<div class=\"elementor-element elementor-element-066ed29 elementor-widget elementor-widget-heading\" data-id=\"066ed29\" data-element_type=\"widget\" data-widget_type=\"heading.default\">\n\t\t\t\t<div class=\"elementor-widget-container\">\n\t\t\t\t\t<h3 class=\"elementor-heading-title elementor-size-default\">Entdecken Sie den Gro\u00dfen Arber mit dem GUTi-Ticket!<\/h3>\t\t\t\t<\/div>\n\t\t\t\t<\/div>\n\t\t\t\t<div class=\"elementor-element elementor-element-e76d82d elementor-widget elementor-widget-text-editor\" data-id=\"e76d82d\" data-element_type=\"widget\" data-widget_type=\"text-editor.default\">\n\t\t\t\t<div class=\"elementor-widget-container\">\n\t\t\t\t\t\t\t\t\t<p>Mit dem GUTi-Ticket habt ihr die Gelegenheit, eure Ausfl\u00fcge in die Region bequem und umweltfreundlich zu gestalten \u2013 und das kostenlos!<\/p><p><strong>Was ist das GUTi-Ticket?<\/strong> Das <a href=\"https:\/\/www.bayerwald-ticket.com\/guti-gaesteservice-umwelt-ticket\/\" target=\"_blank\" rel=\"noopener\">GUTi-Ticket<\/a>, kurz f\u00fcr &#8222;G\u00e4steservice Umwelt-Ticket&#8220;, ist eure Eintrittskarte zu kostenloser Mobilit\u00e4t in der Region rund um den Gro\u00dfen Arber. Mit diesem Ticket k\u00f6nnt ihr die \u00f6ffentlichen Verkehrsmittel wie Busse und Bahnen kostenfrei nutzen und die Sch\u00f6nheiten der Umgebung entspannt erkunden.<\/p><p><strong>Wie funktioniert es?<\/strong> Als \u00dcbernachtungsgast im Bayerischen Wald erhaltet ihr automatisch das <a href=\"https:\/\/www.bayerwald-ticket.com\/bergbahnen\/\" target=\"_blank\" rel=\"noopener\">GUTi-Ticket<\/a> (G\u00e4stekarte). Die G\u00e4stekarte wird euch von eurer Unterkunft ausgeh\u00e4ndigt. Mit diesem Ticket k\u00f6nnen ihr die umliegenden Orte, Sehensw\u00fcrdigkeiten und Wanderwege leicht erreichen, ohne euch Gedanken \u00fcber Fahrkarten oder Parkpl\u00e4tze machen zu m\u00fcssen.<\/p><p><strong>Eure Vorteile auf einen Blick:<\/strong><\/p><ul><li><strong>Kostenlose Mobilit\u00e4t:<\/strong> Nutzt die Busse und Bahnen ohne zus\u00e4tzliche Kosten.<\/li><li><strong>Umweltfreundlich unterwegs:<\/strong> Schont die Umwelt und genie\u00dft stressfreie Ausfl\u00fcge.<\/li><li><strong>Einfache Nutzung:<\/strong> Zeigt einfach euer GUTi-Ticket im Zug oder im Bus vor und steigt ein.<\/li><\/ul>\t\t\t\t\t\t\t\t<\/div>\n\t\t\t\t<\/div>\n\t\t\t\t<div class=\"elementor-element elementor-element-97e46af elementor-widget elementor-widget-html\" data-id=\"97e46af\" data-element_type=\"widget\" data-widget_type=\"html.default\">\n\t\t\t\t<div class=\"elementor-widget-container\">\n\t\t\t\t\t<script defer=\"defer\" src=\"https:\/\/bahnland-bayern.de\/plugins\/whitelabel\/moby-whitelabel.min.js\"><\/script>\r\n<div id=\"moby-white-label\" data-iframe-version=\"1\"><\/div>\t\t\t\t<\/div>\n\t\t\t\t<\/div>\n\t\t\t\t\t<\/div>\n\t\t\t\t<\/div>\n\t\t<div class=\"elementor-element elementor-element-980fad9 e-flex e-con-boxed e-con e-parent\" data-id=\"980fad9\" data-element_type=\"container\" id=\"anreise-auto\">\n\t\t\t\t\t<div class=\"e-con-inner\">\n\t\t<div class=\"elementor-element elementor-element-98dfc92 e-con-full e-flex e-con e-child\" data-id=\"98dfc92\" data-element_type=\"container\" data-settings=\"{&quot;background_background&quot;:&quot;classic&quot;}\">\n\t\t\t\t<div class=\"elementor-element elementor-element-ea864dd elementor-widget elementor-widget-heading\" data-id=\"ea864dd\" data-element_type=\"widget\" data-widget_type=\"heading.default\">\n\t\t\t\t<div class=\"elementor-widget-container\">\n\t\t\t\t\t<h2 class=\"elementor-heading-title elementor-size-default\">Anreise ins Arberland mit dem Auto<\/h2>\t\t\t\t<\/div>\n\t\t\t\t<\/div>\n\t\t\t\t<div class=\"elementor-element elementor-element-e786ac5 elementor-widget elementor-widget-heading\" data-id=\"e786ac5\" data-element_type=\"widget\" data-widget_type=\"heading.default\">\n\t\t\t\t<div class=\"elementor-widget-container\">\n\t\t\t\t\t<h3 class=\"elementor-heading-title elementor-size-default\">Aus Richtung M\u00fcnchen<\/h3>\t\t\t\t<\/div>\n\t\t\t\t<\/div>\n\t\t\t\t<div class=\"elementor-element elementor-element-c46a3b6 elementor-widget elementor-widget-text-editor\" data-id=\"c46a3b6\" data-element_type=\"widget\" data-widget_type=\"text-editor.default\">\n\t\t\t\t<div class=\"elementor-widget-container\">\n\t\t\t\t\t\t\t\t\t<p>\u00dcber die A92 nach Deggendorf und weiter \u00fcber die B11 nach Bodenmais oder Zwiesel zum Gro\u00dfen Arber.<\/p>\t\t\t\t\t\t\t\t<\/div>\n\t\t\t\t<\/div>\n\t\t\t\t<div class=\"elementor-element elementor-element-e4ea1be elementor-widget elementor-widget-heading\" data-id=\"e4ea1be\" data-element_type=\"widget\" data-widget_type=\"heading.default\">\n\t\t\t\t<div class=\"elementor-widget-container\">\n\t\t\t\t\t<h3 class=\"elementor-heading-title elementor-size-default\">Aus Richtung Prag<\/h3>\t\t\t\t<\/div>\n\t\t\t\t<\/div>\n\t\t\t\t<div class=\"elementor-element elementor-element-43d13c2 elementor-widget elementor-widget-text-editor\" data-id=\"43d13c2\" data-element_type=\"widget\" data-widget_type=\"text-editor.default\">\n\t\t\t\t<div class=\"elementor-widget-container\">\n\t\t\t\t\t\t\t\t\t<p>\u00dcber die Autobahn Prag-Pilsen nach Klattau und weiter \u00fcber \u017delezna Ruda nach Bayerisch Eisen\u00adstein zum Gro\u00dfen Arber.<\/p>\t\t\t\t\t\t\t\t<\/div>\n\t\t\t\t<\/div>\n\t\t\t\t<div class=\"elementor-element elementor-element-a0d9928 elementor-widget elementor-widget-heading\" data-id=\"a0d9928\" data-element_type=\"widget\" data-widget_type=\"heading.default\">\n\t\t\t\t<div class=\"elementor-widget-container\">\n\t\t\t\t\t<h3 class=\"elementor-heading-title elementor-size-default\">Aus Richtung N\u00fcrnberg<\/h3>\t\t\t\t<\/div>\n\t\t\t\t<\/div>\n\t\t\t\t<div class=\"elementor-element elementor-element-70d79e9 elementor-widget elementor-widget-text-editor\" data-id=\"70d79e9\" data-element_type=\"widget\" data-widget_type=\"text-editor.default\">\n\t\t\t\t<div class=\"elementor-widget-container\">\n\t\t\t\t\t\t\t\t\t<p>\u00dcber die A6 nach Amberg und weiter nach Schwan\u00addorf \u00fcber die B85 nach Cham, Bad K\u00f6tzting, Lam zum Gro\u00dfen Arber.<\/p>\t\t\t\t\t\t\t\t<\/div>\n\t\t\t\t<\/div>\n\t\t\t\t<div class=\"elementor-element elementor-element-115bc67 elementor-widget elementor-widget-heading\" data-id=\"115bc67\" data-element_type=\"widget\" data-widget_type=\"heading.default\">\n\t\t\t\t<div class=\"elementor-widget-container\">\n\t\t\t\t\t<h3 class=\"elementor-heading-title elementor-size-default\">Aus Richtung Wien<\/h3>\t\t\t\t<\/div>\n\t\t\t\t<\/div>\n\t\t\t\t<div class=\"elementor-element elementor-element-0e7ad29 elementor-widget elementor-widget-text-editor\" data-id=\"0e7ad29\" data-element_type=\"widget\" data-widget_type=\"text-editor.default\">\n\t\t\t\t<div class=\"elementor-widget-container\">\n\t\t\t\t\t\t\t\t\t<p>\u00dcber die A3 nach Passau und dann weiter \u00fcber die A3 nach Deggendorf. Von dort aus \u00fcber die B11 nach Bodenmais oder Zwiesel zum Gro\u00dfen Arber.<\/p>\t\t\t\t\t\t\t\t<\/div>\n\t\t\t\t<\/div>\n\t\t\t\t<\/div>\n\t\t<div class=\"elementor-element elementor-element-b251f13 e-con-full e-flex e-con e-child\" data-id=\"b251f13\" data-element_type=\"container\">\n\t\t\t\t<div class=\"elementor-element elementor-element-3b8f3f3 elementor-widget elementor-widget-image\" data-id=\"3b8f3f3\" data-element_type=\"widget\" data-widget_type=\"image.default\">\n\t\t\t\t<div class=\"elementor-widget-container\">\n\t\t\t\t\t\t\t\t\t\t\t\t\t\t\t<img fetchpriority=\"high\" decoding=\"async\" width=\"800\" height=\"800\" src=\"https:\/\/www.arber.de\/wp-content\/uploads\/Anfahrtskizze_Sept2017_neutral_01-1024x1024.png\" class=\"attachment-large size-large wp-image-4104\" alt=\"\" srcset=\"https:\/\/www.arber.de\/wp-content\/uploads\/Anfahrtskizze_Sept2017_neutral_01-1024x1024.png 1024w, https:\/\/www.arber.de\/wp-content\/uploads\/Anfahrtskizze_Sept2017_neutral_01-300x300.png 300w, https:\/\/www.arber.de\/wp-content\/uploads\/Anfahrtskizze_Sept2017_neutral_01-150x150.png 150w, https:\/\/www.arber.de\/wp-content\/uploads\/Anfahrtskizze_Sept2017_neutral_01-768x769.png 768w, https:\/\/www.arber.de\/wp-content\/uploads\/Anfahrtskizze_Sept2017_neutral_01-1536x1536.png 1536w, https:\/\/www.arber.de\/wp-content\/uploads\/Anfahrtskizze_Sept2017_neutral_01-2046x2048.png 2046w\" sizes=\"(max-width: 800px) 100vw, 800px\" \/>\t\t\t\t\t\t\t\t\t\t\t\t\t\t\t<\/div>\n\t\t\t\t<\/div>\n\t\t\t\t<\/div>\n\t\t\t\t\t<\/div>\n\t\t\t\t<\/div>\n\t\t<div class=\"elementor-element elementor-element-c2e4494 e-flex e-con-boxed e-con e-parent\" data-id=\"c2e4494\" data-element_type=\"container\">\n\t\t\t\t\t<div class=\"e-con-inner\">\n\t\t\t\t<div class=\"elementor-element elementor-element-5376d0c elementor-widget elementor-widget-google_maps\" data-id=\"5376d0c\" data-element_type=\"widget\" data-widget_type=\"google_maps.default\">\n\t\t\t\t<div class=\"elementor-widget-container\">\n\t\t\t\t\t\t\t<div class=\"elementor-custom-embed\">\n\t\t\t <div class=\"brlbs-cmpnt-container brlbs-cmpnt-content-blocker brlbs-cmpnt-with-individual-styles\" data-borlabs-cookie-content-blocker-id=\"google-maps\" data-borlabs-cookie-content=\"PGlmcmFtZSBsb2FkaW5nPSJsYXp5IgoJCQkJCXNyYz0iaHR0cHM6Ly9tYXBzLmdvb2dsZS5jb20vbWFwcz9xPVRhbHN0YXRpb24lMjBHcm8lQzMlOUZlciUyMEFyYmVyJTIwMSUyQyUyMDk0MjUyJTIwQmF5ZXJpc2NoJTIwRWlzZW5zdGVpbiYjMDM4O3Q9bSYjMDM4O3o9MTQmIzAzODtvdXRwdXQ9ZW1iZWQmIzAzODtpd2xvYz1uZWFyIgoJCQkJCXRpdGxlPSJUYWxzdGF0aW9uIEdyb8OfZXIgQXJiZXIgMSwgOTQyNTIgQmF5ZXJpc2NoIEVpc2Vuc3RlaW4iCgkJCQkJYXJpYS1sYWJlbD0iVGFsc3RhdGlvbiBHcm\/Dn2VyIEFyYmVyIDEsIDk0MjUyIEJheWVyaXNjaCBFaXNlbnN0ZWluIgoJCQk+PC9pZnJhbWU+\"><div class=\"brlbs-cmpnt-cb-preset-b brlbs-cmpnt-cb-google-maps\"> <div class=\"brlbs-cmpnt-cb-thumbnail\" style=\"background-image: url('https:\/\/www.arber.de\/wp-content\/uploads\/borlabs-cookie\/1\/brlbs-cb-google-maps-main.png')\"><\/div> <div class=\"brlbs-cmpnt-cb-main\"> <div class=\"brlbs-cmpnt-cb-content\"> <p class=\"brlbs-cmpnt-cb-description\">You are currently viewing a placeholder content from <strong>Google Maps<\/strong>. To access the actual content, click the button below. Please note that doing so will share data with third-party providers.<\/p> <a class=\"brlbs-cmpnt-cb-provider-toggle\" href=\"#\" data-borlabs-cookie-show-provider-information role=\"button\">More Information<\/a> <\/div> <div class=\"brlbs-cmpnt-cb-buttons\"> <a class=\"brlbs-cmpnt-cb-btn\" href=\"#\" data-borlabs-cookie-unblock role=\"button\">Unblock content<\/a> <a class=\"brlbs-cmpnt-cb-btn\" href=\"#\" data-borlabs-cookie-accept-service role=\"button\" style=\"display: inherit\">Accept required service and unblock content<\/a> <\/div> <\/div> <\/div><\/div>\n\t\t<\/div>\n\t\t\t\t\t\t<\/div>\n\t\t\t\t<\/div>\n\t\t\t\t\t<\/div>\n\t\t\t\t<\/div>\n\t\t\t\t<\/div>\n\t\t","protected":false},"excerpt":{"rendered":"<p>Anreise zum Gro\u00dfen Arber Mit Bus und Bahn oder mit Auto Anreise mit Bus und Bahn Lasst den Stau einfach links liegen und genie\u00dft eure Reise zu unserem Gro\u00dfen Arber von Anfang an: Die Reiseauskunft der Deutschen Bahn kennt alle Zugfahrpl\u00e4ne und wei\u00df auch, wann Stra\u00dfenbahnen und Busse fahren. Ebenfalls teilt sie euch gern mit, [&hellip;]<\/p>\n","protected":false},"author":1,"featured_media":0,"parent":8571,"menu_order":0,"comment_status":"closed","ping_status":"closed","template":"","meta":{"inline_featured_image":false,"footnotes":""},"class_list":["post-10626","page","type-page","status-publish","hentry"],"_links":{"self":[{"href":"https:\/\/www.arber.de\/cs\/wp-json\/wp\/v2\/pages\/10626","targetHints":{"allow":["GET"]}}],"collection":[{"href":"https:\/\/www.arber.de\/cs\/wp-json\/wp\/v2\/pages"}],"about":[{"href":"https:\/\/www.arber.de\/cs\/wp-json\/wp\/v2\/types\/page"}],"author":[{"embeddable":true,"href":"https:\/\/www.arber.de\/cs\/wp-json\/wp\/v2\/users\/1"}],"replies":[{"embeddable":true,"href":"https:\/\/www.arber.de\/cs\/wp-json\/wp\/v2\/comments?post=10626"}],"version-history":[{"count":6,"href":"https:\/\/www.arber.de\/cs\/wp-json\/wp\/v2\/pages\/10626\/revisions"}],"predecessor-version":[{"id":12928,"href":"https:\/\/www.arber.de\/cs\/wp-json\/wp\/v2\/pages\/10626\/revisions\/12928"}],"up":[{"embeddable":true,"href":"https:\/\/www.arber.de\/cs\/wp-json\/wp\/v2\/pages\/8571"}],"wp:attachment":[{"href":"https:\/\/www.arber.de\/cs\/wp-json\/wp\/v2\/media?parent=10626"}],"curies":[{"name":"wp","href":"https:\/\/api.w.org\/{rel}","templated":true}]}}