{"id":10606,"date":"2022-11-15T10:23:07","date_gmt":"2022-11-15T09:23:07","guid":{"rendered":"https:\/\/www.arber.de\/skigebiet\/winterwandern\/"},"modified":"2022-11-15T10:23:07","modified_gmt":"2022-11-15T09:23:07","slug":"winterwandern","status":"publish","type":"page","link":"https:\/\/www.arber.de\/cs\/skigebiet\/winterwandern\/","title":{"rendered":"Winterwandern"},"content":{"rendered":"\t\t<div data-elementor-type=\"wp-page\" data-elementor-id=\"10606\" class=\"elementor elementor-10606 elementor-2498\" data-elementor-post-type=\"page\">\n\t\t\t\t<div class=\"elementor-element elementor-element-39ce9f3 e-con-full e-flex e-con e-parent\" data-id=\"39ce9f3\" data-element_type=\"container\" data-settings=\"{&quot;shape_divider_bottom&quot;:&quot;mountains&quot;,&quot;background_background&quot;:&quot;video&quot;,&quot;background_video_link&quot;:&quot;https:\\\/\\\/www.arber.de\\\/wp-content\\\/uploads\\\/arber_winter.mp4&quot;,&quot;background_play_on_mobile&quot;:&quot;yes&quot;}\">\n\t\t<div class=\"elementor-background-video-container\" aria-hidden=\"true\">\n\t\t\t\t\t\t\t<video class=\"elementor-background-video-hosted\" autoplay muted playsinline loop><\/video>\n\t\t\t\t\t<\/div>\t\t<div class=\"elementor-shape elementor-shape-bottom\" aria-hidden=\"true\" data-negative=\"false\">\n\t\t\t<svg xmlns=\"http:\/\/www.w3.org\/2000\/svg\" viewBox=\"0 0 1000 100\" preserveAspectRatio=\"none\">\n\t<path class=\"elementor-shape-fill\" opacity=\"0.33\" d=\"M473,67.3c-203.9,88.3-263.1-34-320.3,0C66,119.1,0,59.7,0,59.7V0h1000v59.7 c0,0-62.1,26.1-94.9,29.3c-32.8,3.3-62.8-12.3-75.8-22.1C806,49.6,745.3,8.7,694.9,4.7S492.4,59,473,67.3z\"\/>\n\t<path class=\"elementor-shape-fill\" opacity=\"0.66\" d=\"M734,67.3c-45.5,0-77.2-23.2-129.1-39.1c-28.6-8.7-150.3-10.1-254,39.1 s-91.7-34.4-149.2,0C115.7,118.3,0,39.8,0,39.8V0h1000v36.5c0,0-28.2-18.5-92.1-18.5C810.2,18.1,775.7,67.3,734,67.3z\"\/>\n\t<path class=\"elementor-shape-fill\" d=\"M766.1,28.9c-200-57.5-266,65.5-395.1,19.5C242,1.8,242,5.4,184.8,20.6C128,35.8,132.3,44.9,89.9,52.5C28.6,63.7,0,0,0,0 h1000c0,0-9.9,40.9-83.6,48.1S829.6,47,766.1,28.9z\"\/>\n<\/svg>\t\t<\/div>\n\t\t\t\t<\/div>\n\t\t<div class=\"elementor-element elementor-element-b9591d7 e-flex e-con-boxed e-con e-parent\" data-id=\"b9591d7\" data-element_type=\"container\">\n\t\t\t\t\t<div class=\"e-con-inner\">\n\t\t<div class=\"elementor-element elementor-element-12cea91 e-con-full e-flex e-con e-parent\" data-id=\"12cea91\" data-element_type=\"container\" data-settings=\"{&quot;motion_fx_motion_fx_scrolling&quot;:&quot;yes&quot;,&quot;motion_fx_translateY_effect&quot;:&quot;yes&quot;,&quot;motion_fx_translateY_speed&quot;:{&quot;unit&quot;:&quot;px&quot;,&quot;size&quot;:1.5,&quot;sizes&quot;:[]},&quot;motion_fx_devices&quot;:[&quot;desktop&quot;,&quot;tablet&quot;],&quot;motion_fx_translateY_affectedRange&quot;:{&quot;unit&quot;:&quot;%&quot;,&quot;size&quot;:&quot;&quot;,&quot;sizes&quot;:{&quot;start&quot;:0,&quot;end&quot;:100}}}\">\n\t\t\t\t<div class=\"elementor-element elementor-element-8be30e0 elementor-widget elementor-widget-heading\" data-id=\"8be30e0\" data-element_type=\"widget\" data-widget_type=\"heading.default\">\n\t\t\t\t<div class=\"elementor-widget-container\">\n\t\t\t\t\t<h1 class=\"elementor-heading-title elementor-size-default\">Wandern in m\u00e4rchenhafter Winterlandschaft<\/h1>\t\t\t\t<\/div>\n\t\t\t\t<\/div>\n\t\t\t\t<div class=\"elementor-element elementor-element-cd61b12 elementor-widget elementor-widget-heading\" data-id=\"cd61b12\" data-element_type=\"widget\" data-widget_type=\"heading.default\">\n\t\t\t\t<div class=\"elementor-widget-container\">\n\t\t\t\t\t<h2 class=\"elementor-heading-title elementor-size-default\">Kommt mit und lasst euch verzaubern!<\/h2>\t\t\t\t<\/div>\n\t\t\t\t<\/div>\n\t\t\t\t<div class=\"elementor-element elementor-element-35ace45e elementor-widget elementor-widget-text-editor\" data-id=\"35ace45e\" data-element_type=\"widget\" data-widget_type=\"text-editor.default\">\n\t\t\t\t<div class=\"elementor-widget-container\">\n\t\t\t\t\t\t\t\t\t<p>Die verschneiten W\u00e4lder und die kalte klare Luft lassen eure Winterwanderung am Gro\u00dfen Arber zu einem unvergesslichen Erlebnis werden.<\/p><p>Von der Bergstation der Gondelbahn f\u00fchrt ein traumhafter Wanderpfad hinauf zum Gipfel. Von dort geht es weiter \u00fcber das Gipfelplateau zum Gro\u00dfen Seeriegel und Richard-Wagner-Kopf, den beiden ber\u00fchmten Nebengipfeln des Gro\u00dfen Arber.<\/p><p>Ein besonderes Highlight ist das Schneeschuhwan\u00addern. Diese wundersch\u00f6ne Alternative zum Skifahren oder Snowboarden ist die optimale Quelle f\u00fcr Ruhe und neue Kraft. So findet ihr die perfekte Entspannung vom Alltag bei uns am Gro\u00dfen Arber!<\/p>\t\t\t\t\t\t\t\t<\/div>\n\t\t\t\t<\/div>\n\t\t\t\t<\/div>\n\t\t<div class=\"elementor-element elementor-element-de0744a e-con-full e-flex e-con e-parent\" data-id=\"de0744a\" data-element_type=\"container\" data-settings=\"{&quot;motion_fx_motion_fx_scrolling&quot;:&quot;yes&quot;,&quot;motion_fx_translateY_effect&quot;:&quot;yes&quot;,&quot;motion_fx_translateY_direction&quot;:&quot;negative&quot;,&quot;motion_fx_translateY_speed&quot;:{&quot;unit&quot;:&quot;px&quot;,&quot;size&quot;:3.5,&quot;sizes&quot;:[]},&quot;motion_fx_devices&quot;:[&quot;desktop&quot;,&quot;tablet&quot;],&quot;motion_fx_translateY_affectedRange&quot;:{&quot;unit&quot;:&quot;%&quot;,&quot;size&quot;:&quot;&quot;,&quot;sizes&quot;:{&quot;start&quot;:0,&quot;end&quot;:100}}}\">\n\t\t\t\t<div class=\"elementor-element elementor-element-84f6a15 elementor-widget elementor-widget-gallery\" data-id=\"84f6a15\" data-element_type=\"widget\" data-settings=\"{&quot;columns&quot;:2,&quot;columns_mobile&quot;:2,&quot;lazyload&quot;:&quot;yes&quot;,&quot;gallery_layout&quot;:&quot;grid&quot;,&quot;columns_tablet&quot;:2,&quot;gap&quot;:{&quot;unit&quot;:&quot;px&quot;,&quot;size&quot;:10,&quot;sizes&quot;:[]},&quot;gap_tablet&quot;:{&quot;unit&quot;:&quot;px&quot;,&quot;size&quot;:10,&quot;sizes&quot;:[]},&quot;gap_mobile&quot;:{&quot;unit&quot;:&quot;px&quot;,&quot;size&quot;:10,&quot;sizes&quot;:[]},&quot;link_to&quot;:&quot;file&quot;,&quot;aspect_ratio&quot;:&quot;3:2&quot;,&quot;overlay_background&quot;:&quot;yes&quot;,&quot;content_hover_animation&quot;:&quot;fade-in&quot;}\" data-widget_type=\"gallery.default\">\n\t\t\t\t<div class=\"elementor-widget-container\">\n\t\t\t\t\t\t\t<div class=\"elementor-gallery__container\">\n\t\t\t\t\t\t\t<a class=\"e-gallery-item elementor-gallery-item elementor-animated-content\" href=\"https:\/\/www.arber.de\/wp-content\/uploads\/Gipfel-2012-12548sef-12-panorma_c_ARBER-BERGBAH12548N-1.jpg\" data-elementor-open-lightbox=\"yes\" data-elementor-lightbox-slideshow=\"84f6a15\" data-e-action-hash=\"#elementor-action%3Aaction%3Dlightbox%26settings%3DeyJpZCI6MjY5NywidXJsIjoiaHR0cHM6XC9cL3d3dy5hcmJlci5kZVwvd3AtY29udGVudFwvdXBsb2Fkc1wvR2lwZmVsLTIwMTItMTI1NDhzZWYtMTItcGFub3JtYV9jX0FSQkVSLUJFUkdCQUgxMjU0OE4tMS5qcGciLCJzbGlkZXNob3ciOiI4NGY2YTE1In0%3D\">\n\t\t\t\t\t<div class=\"e-gallery-image elementor-gallery-item__image\" data-thumbnail=\"https:\/\/www.arber.de\/wp-content\/uploads\/Gipfel-2012-12548sef-12-panorma_c_ARBER-BERGBAH12548N-1-768x258.jpg\" data-width=\"768\" data-height=\"258\" aria-label=\"\" role=\"img\" ><\/div>\n\t\t\t\t\t\t\t\t\t\t\t<div class=\"elementor-gallery-item__overlay\"><\/div>\n\t\t\t\t\t\t\t\t\t\t\t\t\t\t<\/a>\n\t\t\t\t\t\t\t<a class=\"e-gallery-item elementor-gallery-item elementor-animated-content\" href=\"https:\/\/www.arber.de\/wp-content\/uploads\/arber-bergbahn-gipfel-scaled.jpg\" data-elementor-open-lightbox=\"yes\" data-elementor-lightbox-slideshow=\"84f6a15\" data-e-action-hash=\"#elementor-action%3Aaction%3Dlightbox%26settings%3DeyJpZCI6MjU1NywidXJsIjoiaHR0cHM6XC9cL3d3dy5hcmJlci5kZVwvd3AtY29udGVudFwvdXBsb2Fkc1wvYXJiZXItYmVyZ2JhaG4tZ2lwZmVsLXNjYWxlZC5qcGciLCJzbGlkZXNob3ciOiI4NGY2YTE1In0%3D\">\n\t\t\t\t\t<div class=\"e-gallery-image elementor-gallery-item__image\" data-thumbnail=\"https:\/\/www.arber.de\/wp-content\/uploads\/arber-bergbahn-gipfel-768x512.jpg\" data-width=\"768\" data-height=\"512\" aria-label=\"\" role=\"img\" ><\/div>\n\t\t\t\t\t\t\t\t\t\t\t<div class=\"elementor-gallery-item__overlay\"><\/div>\n\t\t\t\t\t\t\t\t\t\t\t\t\t\t<\/a>\n\t\t\t\t\t\t\t<a class=\"e-gallery-item elementor-gallery-item elementor-animated-content\" href=\"https:\/\/www.arber.de\/wp-content\/uploads\/grosser-arber-winterwandern-paar-scaled.jpg\" data-elementor-open-lightbox=\"yes\" data-elementor-lightbox-slideshow=\"84f6a15\" data-e-action-hash=\"#elementor-action%3Aaction%3Dlightbox%26settings%3DeyJpZCI6MjU3MywidXJsIjoiaHR0cHM6XC9cL3d3dy5hcmJlci5kZVwvd3AtY29udGVudFwvdXBsb2Fkc1wvZ3Jvc3Nlci1hcmJlci13aW50ZXJ3YW5kZXJuLXBhYXItc2NhbGVkLmpwZyIsInNsaWRlc2hvdyI6Ijg0ZjZhMTUifQ%3D%3D\">\n\t\t\t\t\t<div class=\"e-gallery-image elementor-gallery-item__image\" data-thumbnail=\"https:\/\/www.arber.de\/wp-content\/uploads\/grosser-arber-winterwandern-paar-768x549.jpg\" data-width=\"768\" data-height=\"549\" aria-label=\"\" role=\"img\" ><\/div>\n\t\t\t\t\t\t\t\t\t\t\t<div class=\"elementor-gallery-item__overlay\"><\/div>\n\t\t\t\t\t\t\t\t\t\t\t\t\t\t<\/a>\n\t\t\t\t\t\t\t<a class=\"e-gallery-item elementor-gallery-item elementor-animated-content\" href=\"https:\/\/www.arber.de\/wp-content\/uploads\/grosser-arber-gipfel-panorama_.jpg\" data-elementor-open-lightbox=\"yes\" data-elementor-lightbox-slideshow=\"84f6a15\" data-e-action-hash=\"#elementor-action%3Aaction%3Dlightbox%26settings%3DeyJpZCI6MjU4MywidXJsIjoiaHR0cHM6XC9cL3d3dy5hcmJlci5kZVwvd3AtY29udGVudFwvdXBsb2Fkc1wvZ3Jvc3Nlci1hcmJlci1naXBmZWwtcGFub3JhbWFfLmpwZyIsInNsaWRlc2hvdyI6Ijg0ZjZhMTUifQ%3D%3D\">\n\t\t\t\t\t<div class=\"e-gallery-image elementor-gallery-item__image\" data-thumbnail=\"https:\/\/www.arber.de\/wp-content\/uploads\/grosser-arber-gipfel-panorama_-768x233.jpg\" data-width=\"768\" data-height=\"233\" aria-label=\"\" role=\"img\" ><\/div>\n\t\t\t\t\t\t\t\t\t\t\t<div class=\"elementor-gallery-item__overlay\"><\/div>\n\t\t\t\t\t\t\t\t\t\t\t\t\t\t<\/a>\n\t\t\t\t\t\t\t<a class=\"e-gallery-item elementor-gallery-item elementor-animated-content\" href=\"https:\/\/www.arber.de\/wp-content\/uploads\/grosser-arber-winterwandern-scaled.jpg\" data-elementor-open-lightbox=\"yes\" data-elementor-lightbox-slideshow=\"84f6a15\" data-e-action-hash=\"#elementor-action%3Aaction%3Dlightbox%26settings%3DeyJpZCI6MjU1OSwidXJsIjoiaHR0cHM6XC9cL3d3dy5hcmJlci5kZVwvd3AtY29udGVudFwvdXBsb2Fkc1wvZ3Jvc3Nlci1hcmJlci13aW50ZXJ3YW5kZXJuLXNjYWxlZC5qcGciLCJzbGlkZXNob3ciOiI4NGY2YTE1In0%3D\">\n\t\t\t\t\t<div class=\"e-gallery-image elementor-gallery-item__image\" data-thumbnail=\"https:\/\/www.arber.de\/wp-content\/uploads\/grosser-arber-winterwandern-768x432.jpg\" data-width=\"768\" data-height=\"432\" aria-label=\"\" role=\"img\" ><\/div>\n\t\t\t\t\t\t\t\t\t\t\t<div class=\"elementor-gallery-item__overlay\"><\/div>\n\t\t\t\t\t\t\t\t\t\t\t\t\t\t<\/a>\n\t\t\t\t\t\t\t<a class=\"e-gallery-item elementor-gallery-item elementor-animated-content\" href=\"https:\/\/www.arber.de\/wp-content\/uploads\/csm_Gipfel-2012-sef-3_c_ARBER-BERGBAHN_01_a8b5db80bd.jpg\" data-elementor-open-lightbox=\"yes\" data-elementor-lightbox-slideshow=\"84f6a15\" data-e-action-hash=\"#elementor-action%3Aaction%3Dlightbox%26settings%3DeyJpZCI6MjcwNywidXJsIjoiaHR0cHM6XC9cL3d3dy5hcmJlci5kZVwvd3AtY29udGVudFwvdXBsb2Fkc1wvY3NtX0dpcGZlbC0yMDEyLXNlZi0zX2NfQVJCRVItQkVSR0JBSE5fMDFfYThiNWRiODBiZC5qcGciLCJzbGlkZXNob3ciOiI4NGY2YTE1In0%3D\">\n\t\t\t\t\t<div class=\"e-gallery-image elementor-gallery-item__image\" data-thumbnail=\"https:\/\/www.arber.de\/wp-content\/uploads\/csm_Gipfel-2012-sef-3_c_ARBER-BERGBAHN_01_a8b5db80bd-768x290.jpg\" data-width=\"768\" data-height=\"290\" aria-label=\"\" role=\"img\" ><\/div>\n\t\t\t\t\t\t\t\t\t\t\t<div class=\"elementor-gallery-item__overlay\"><\/div>\n\t\t\t\t\t\t\t\t\t\t\t\t\t\t<\/a>\n\t\t\t\t\t<\/div>\n\t\t\t\t\t<\/div>\n\t\t\t\t<\/div>\n\t\t\t\t<\/div>\n\t\t\t\t\t<\/div>\n\t\t\t\t<\/div>\n\t\t<div class=\"elementor-element elementor-element-2919baf e-flex e-con-boxed elementor-invisible e-con e-parent\" data-id=\"2919baf\" data-element_type=\"container\" data-settings=\"{&quot;animation&quot;:&quot;bounceInUp&quot;}\">\n\t\t\t\t\t<div class=\"e-con-inner\">\n\t\t<div class=\"elementor-element elementor-element-e6a9514 e-flex e-con-boxed e-con e-parent\" data-id=\"e6a9514\" data-element_type=\"container\" data-settings=\"{&quot;background_background&quot;:&quot;gradient&quot;}\">\n\t\t\t\t\t<div class=\"e-con-inner\">\n\t\t\t\t<div class=\"elementor-element elementor-element-dbb0dc3 elementor-widget elementor-widget-heading\" data-id=\"dbb0dc3\" data-element_type=\"widget\" data-widget_type=\"heading.default\">\n\t\t\t\t<div class=\"elementor-widget-container\">\n\t\t\t\t\t<h2 class=\"elementor-heading-title elementor-size-default\">Wichtige Hinweise<\/h2>\t\t\t\t<\/div>\n\t\t\t\t<\/div>\n\t\t\t\t<div class=\"elementor-element elementor-element-071f11a elementor-icon-list--layout-traditional elementor-list-item-link-full_width elementor-widget elementor-widget-icon-list\" data-id=\"071f11a\" data-element_type=\"widget\" data-widget_type=\"icon-list.default\">\n\t\t\t\t<div class=\"elementor-widget-container\">\n\t\t\t\t\t\t\t<ul class=\"elementor-icon-list-items\">\n\t\t\t\t\t\t\t<li class=\"elementor-icon-list-item\">\n\t\t\t\t\t\t\t\t\t\t\t<span class=\"elementor-icon-list-icon\">\n\t\t\t\t\t\t\t<svg aria-hidden=\"true\" class=\"e-font-icon-svg e-fas-exclamation-circle\" viewBox=\"0 0 512 512\" xmlns=\"http:\/\/www.w3.org\/2000\/svg\"><path d=\"M504 256c0 136.997-111.043 248-248 248S8 392.997 8 256C8 119.083 119.043 8 256 8s248 111.083 248 248zm-248 50c-25.405 0-46 20.595-46 46s20.595 46 46 46 46-20.595 46-46-20.595-46-46-46zm-43.673-165.346l7.418 136c.347 6.364 5.609 11.346 11.982 11.346h48.546c6.373 0 11.635-4.982 11.982-11.346l7.418-136c.375-6.874-5.098-12.654-11.982-12.654h-63.383c-6.884 0-12.356 5.78-11.981 12.654z\"><\/path><\/svg>\t\t\t\t\t\t<\/span>\n\t\t\t\t\t\t\t\t\t\t<span class=\"elementor-icon-list-text\">Das Begehen und Betreten der Skipisten ist beh\u00f6rdlich strengstens verboten!<\/span>\n\t\t\t\t\t\t\t\t\t<\/li>\n\t\t\t\t\t\t\t\t<li class=\"elementor-icon-list-item\">\n\t\t\t\t\t\t\t\t\t\t\t<span class=\"elementor-icon-list-icon\">\n\t\t\t\t\t\t\t<svg aria-hidden=\"true\" class=\"e-font-icon-svg e-fas-exclamation-circle\" viewBox=\"0 0 512 512\" xmlns=\"http:\/\/www.w3.org\/2000\/svg\"><path d=\"M504 256c0 136.997-111.043 248-248 248S8 392.997 8 256C8 119.083 119.043 8 256 8s248 111.083 248 248zm-248 50c-25.405 0-46 20.595-46 46s20.595 46 46 46 46-20.595 46-46-20.595-46-46-46zm-43.673-165.346l7.418 136c.347 6.364 5.609 11.346 11.982 11.346h48.546c6.373 0 11.635-4.982 11.982-11.346l7.418-136c.375-6.874-5.098-12.654-11.982-12.654h-63.383c-6.884 0-12.356 5.78-11.981 12.654z\"><\/path><\/svg>\t\t\t\t\t\t<\/span>\n\t\t\t\t\t\t\t\t\t\t<span class=\"elementor-icon-list-text\">Im Winter gibt es deshalb nur Berg- &amp; Talfahrten (keine Einzelfahrten)<\/span>\n\t\t\t\t\t\t\t\t\t<\/li>\n\t\t\t\t\t\t\t\t<li class=\"elementor-icon-list-item\">\n\t\t\t\t\t\t\t\t\t\t\t<span class=\"elementor-icon-list-icon\">\n\t\t\t\t\t\t\t<svg aria-hidden=\"true\" class=\"e-font-icon-svg e-fas-exclamation-circle\" viewBox=\"0 0 512 512\" xmlns=\"http:\/\/www.w3.org\/2000\/svg\"><path d=\"M504 256c0 136.997-111.043 248-248 248S8 392.997 8 256C8 119.083 119.043 8 256 8s248 111.083 248 248zm-248 50c-25.405 0-46 20.595-46 46s20.595 46 46 46 46-20.595 46-46-20.595-46-46-46zm-43.673-165.346l7.418 136c.347 6.364 5.609 11.346 11.982 11.346h48.546c6.373 0 11.635-4.982 11.982-11.346l7.418-136c.375-6.874-5.098-12.654-11.982-12.654h-63.383c-6.884 0-12.356 5.78-11.981 12.654z\"><\/path><\/svg>\t\t\t\t\t\t<\/span>\n\t\t\t\t\t\t\t\t\t\t<span class=\"elementor-icon-list-text\">Rodel und Schlitten werden nicht transportiert<\/span>\n\t\t\t\t\t\t\t\t\t<\/li>\n\t\t\t\t\t\t\t\t<li class=\"elementor-icon-list-item\">\n\t\t\t\t\t\t\t\t\t\t\t<span class=\"elementor-icon-list-icon\">\n\t\t\t\t\t\t\t<svg aria-hidden=\"true\" class=\"e-font-icon-svg e-fas-exclamation-circle\" viewBox=\"0 0 512 512\" xmlns=\"http:\/\/www.w3.org\/2000\/svg\"><path d=\"M504 256c0 136.997-111.043 248-248 248S8 392.997 8 256C8 119.083 119.043 8 256 8s248 111.083 248 248zm-248 50c-25.405 0-46 20.595-46 46s20.595 46 46 46 46-20.595 46-46-20.595-46-46-46zm-43.673-165.346l7.418 136c.347 6.364 5.609 11.346 11.982 11.346h48.546c6.373 0 11.635-4.982 11.982-11.346l7.418-136c.375-6.874-5.098-12.654-11.982-12.654h-63.383c-6.884 0-12.356 5.78-11.981 12.654z\"><\/path><\/svg>\t\t\t\t\t\t<\/span>\n\t\t\t\t\t\t\t\t\t\t<span class=\"elementor-icon-list-text\">Die Wanderwege sind nicht ger\u00e4umt und gestreut<\/span>\n\t\t\t\t\t\t\t\t\t<\/li>\n\t\t\t\t\t\t<\/ul>\n\t\t\t\t\t\t<\/div>\n\t\t\t\t<\/div>\n\t\t\t\t\t<\/div>\n\t\t\t\t<\/div>\n\t\t\t\t\t<\/div>\n\t\t\t\t<\/div>\n\t\t<div class=\"elementor-element elementor-element-aa189f2 animated-slow e-flex e-con-boxed elementor-invisible e-con e-parent\" data-id=\"aa189f2\" data-element_type=\"container\" data-settings=\"{&quot;background_background&quot;:&quot;video&quot;,&quot;background_motion_fx_scale_effect&quot;:&quot;yes&quot;,&quot;background_motion_fx_scale_speed&quot;:{&quot;unit&quot;:&quot;px&quot;,&quot;size&quot;:5,&quot;sizes&quot;:[]},&quot;background_motion_fx_scale_range&quot;:{&quot;unit&quot;:&quot;%&quot;,&quot;size&quot;:&quot;&quot;,&quot;sizes&quot;:{&quot;start&quot;:50,&quot;end&quot;:100}},&quot;background_motion_fx_mouseTrack_effect&quot;:&quot;yes&quot;,&quot;background_motion_fx_mouseTrack_speed&quot;:{&quot;unit&quot;:&quot;px&quot;,&quot;size&quot;:1.5,&quot;sizes&quot;:[]},&quot;animation&quot;:&quot;fadeIn&quot;,&quot;background_motion_fx_devices&quot;:[&quot;desktop&quot;,&quot;tablet&quot;],&quot;background_video_link&quot;:&quot;https:\\\/\\\/www.arber.de\\\/wp-content\\\/uploads\\\/arber_winter.mp4&quot;,&quot;background_motion_fx_scale_direction&quot;:&quot;out-in&quot;}\">\n\t\t\t\t\t<div class=\"e-con-inner\">\n\t\t<div class=\"elementor-background-video-container elementor-hidden-mobile\" aria-hidden=\"true\">\n\t\t\t\t\t\t\t<video class=\"elementor-background-video-hosted\" autoplay muted playsinline loop><\/video>\n\t\t\t\t\t<\/div>\t\t<div class=\"elementor-element elementor-element-6f95c91 elementor-widget elementor-widget-heading\" data-id=\"6f95c91\" data-element_type=\"widget\" data-settings=\"{&quot;motion_fx_motion_fx_scrolling&quot;:&quot;yes&quot;,&quot;motion_fx_translateY_effect&quot;:&quot;yes&quot;,&quot;motion_fx_translateY_speed&quot;:{&quot;unit&quot;:&quot;px&quot;,&quot;size&quot;:2,&quot;sizes&quot;:[]},&quot;motion_fx_translateY_affectedRange&quot;:{&quot;unit&quot;:&quot;%&quot;,&quot;size&quot;:&quot;&quot;,&quot;sizes&quot;:{&quot;start&quot;:20,&quot;end&quot;:100}},&quot;motion_fx_opacity_effect&quot;:&quot;yes&quot;,&quot;motion_fx_opacity_direction&quot;:&quot;in-out&quot;,&quot;motion_fx_opacity_level&quot;:{&quot;unit&quot;:&quot;px&quot;,&quot;size&quot;:5,&quot;sizes&quot;:[]},&quot;motion_fx_opacity_range&quot;:{&quot;unit&quot;:&quot;%&quot;,&quot;size&quot;:&quot;&quot;,&quot;sizes&quot;:{&quot;start&quot;:30,&quot;end&quot;:80}},&quot;motion_fx_blur_effect&quot;:&quot;yes&quot;,&quot;motion_fx_blur_direction&quot;:&quot;in-out&quot;,&quot;motion_fx_blur_level&quot;:{&quot;unit&quot;:&quot;px&quot;,&quot;size&quot;:4,&quot;sizes&quot;:[]},&quot;motion_fx_blur_range&quot;:{&quot;unit&quot;:&quot;%&quot;,&quot;size&quot;:&quot;&quot;,&quot;sizes&quot;:{&quot;start&quot;:60,&quot;end&quot;:100}},&quot;motion_fx_devices&quot;:[&quot;desktop&quot;,&quot;tablet&quot;,&quot;mobile&quot;]}\" data-widget_type=\"heading.default\">\n\t\t\t\t<div class=\"elementor-widget-container\">\n\t\t\t\t\t<h2 class=\"elementor-heading-title elementor-size-default\">Tourenvorschl\u00e4ge f\u00fcr Schneeschuhwanderer im Bayerischen Wald<\/h2>\t\t\t\t<\/div>\n\t\t\t\t<\/div>\n\t\t\t\t<div class=\"elementor-element elementor-element-74dcf52 elementor-widget elementor-widget-html\" data-id=\"74dcf52\" data-element_type=\"widget\" data-widget_type=\"html.default\">\n\t\t\t\t<div class=\"elementor-widget-container\">\n\t\t\t\t\t <div class=\"brlbs-cmpnt-container brlbs-cmpnt-content-blocker brlbs-cmpnt-with-individual-styles\" data-borlabs-cookie-content-blocker-id=\"default\" data-borlabs-cookie-content=\"PGlmcmFtZSBzcmM9J2h0dHBzOi8vbW9kdWxlLnRvdXJpbmZyYS5jb20vYmF5ZXJpc2NoZXItd2FsZC9zdWNoZV90b3VyLnBocD9nZW9jX2NhdD1TY2huZWVzY2h1aHRvdXInIG5hbWU9J215aUZyYW1lJyB3aWR0aD0nODAwcHgnIGhlaWdodD0nNzAwcHgnPjwvaWZyYW1lPg==\"><div class=\"brlbs-cmpnt-cb-preset-a\"> <p class=\"brlbs-cmpnt-cb-description\">You are currently viewing a placeholder content from <strong>Default<\/strong>. To access the actual content, click the button below. Please note that doing so will share data with third-party providers.<\/p> <div class=\"brlbs-cmpnt-cb-buttons\"> <a class=\"brlbs-cmpnt-cb-btn\" href=\"#\" data-borlabs-cookie-unblock role=\"button\">Unblock content<\/a> <a class=\"brlbs-cmpnt-cb-btn\" href=\"#\" data-borlabs-cookie-accept-service role=\"button\" style=\"display: none\">Accept required service and unblock content<\/a> <\/div> <a class=\"brlbs-cmpnt-cb-provider-toggle\" href=\"#\" data-borlabs-cookie-show-provider-information role=\"button\">More Information<\/a> <\/div><\/div>\t\t\t\t<\/div>\n\t\t\t\t<\/div>\n\t\t\t\t\t<\/div>\n\t\t\t\t<\/div>\n\t\t\t\t<\/div>\n\t\t","protected":false},"excerpt":{"rendered":"<p>Wandern in m\u00e4rchenhafter Winterlandschaft Kommt mit und lasst euch verzaubern! Die verschneiten W\u00e4lder und die kalte klare Luft lassen eure Winterwanderung am Gro\u00dfen Arber zu einem unvergesslichen Erlebnis werden. Von der Bergstation der Gondelbahn f\u00fchrt ein traumhafter Wanderpfad hinauf zum Gipfel. Von dort geht es weiter \u00fcber das Gipfelplateau zum Gro\u00dfen Seeriegel und Richard-Wagner-Kopf, den [&hellip;]<\/p>\n","protected":false},"author":1,"featured_media":0,"parent":8568,"menu_order":0,"comment_status":"closed","ping_status":"closed","template":"","meta":{"inline_featured_image":false,"footnotes":""},"class_list":["post-10606","page","type-page","status-publish","hentry"],"_links":{"self":[{"href":"https:\/\/www.arber.de\/cs\/wp-json\/wp\/v2\/pages\/10606","targetHints":{"allow":["GET"]}}],"collection":[{"href":"https:\/\/www.arber.de\/cs\/wp-json\/wp\/v2\/pages"}],"about":[{"href":"https:\/\/www.arber.de\/cs\/wp-json\/wp\/v2\/types\/page"}],"author":[{"embeddable":true,"href":"https:\/\/www.arber.de\/cs\/wp-json\/wp\/v2\/users\/1"}],"replies":[{"embeddable":true,"href":"https:\/\/www.arber.de\/cs\/wp-json\/wp\/v2\/comments?post=10606"}],"version-history":[{"count":0,"href":"https:\/\/www.arber.de\/cs\/wp-json\/wp\/v2\/pages\/10606\/revisions"}],"up":[{"embeddable":true,"href":"https:\/\/www.arber.de\/cs\/wp-json\/wp\/v2\/pages\/8568"}],"wp:attachment":[{"href":"https:\/\/www.arber.de\/cs\/wp-json\/wp\/v2\/media?parent=10606"}],"curies":[{"name":"wp","href":"https:\/\/api.w.org\/{rel}","templated":true}]}}